{"id":2788,"date":"2017-08-16T14:19:39","date_gmt":"2017-08-16T14:19:39","guid":{"rendered":"http:\/\/www5.tjba.jus.br\/estrategia\/?page_id=2788"},"modified":"2024-07-12T08:51:41","modified_gmt":"2024-07-12T11:51:41","slug":"rede-de-governanca-colaborativa","status":"publish","type":"page","link":"https:\/\/www.tjba.jus.br\/estrategia\/rede-de-governanca-colaborativa\/","title":{"rendered":"Rede de Governan\u00e7a Colaborativa"},"content":{"rendered":"<div style=\"text-align: justify;\">\n<blockquote><p><a href=\"http:\/\/www5.tjba.jus.br\/estrategia\/wp-content\/uploads\/2017\/08\/logo-rede-governan\u00e7a.png\"><img loading=\"lazy\" decoding=\"async\" class=\"alignleft wp-image-2789\" src=\"http:\/\/www5.tjba.jus.br\/estrategia\/wp-content\/uploads\/2017\/08\/logo-rede-governan\u00e7a.png\" alt=\"\" width=\"300\" height=\"115\" srcset=\"https:\/\/www.tjba.jus.br\/estrategia\/wp-content\/uploads\/2017\/08\/logo-rede-governan\u00e7a.png 1284w, https:\/\/www.tjba.jus.br\/estrategia\/wp-content\/uploads\/2017\/08\/logo-rede-governan\u00e7a-300x115.png 300w, https:\/\/www.tjba.jus.br\/estrategia\/wp-content\/uploads\/2017\/08\/logo-rede-governan\u00e7a-768x294.png 768w, https:\/\/www.tjba.jus.br\/estrategia\/wp-content\/uploads\/2017\/08\/logo-rede-governan\u00e7a-1024x392.png 1024w\" sizes=\"auto, (max-width: 300px) 100vw, 300px\" \/><\/a><\/p>\n<p><strong>A Rede de Governan\u00e7a Colaborativa do Poder Judici\u00e1rio<\/strong> foi criada pelo Conselho Nacional de Justi\u00e7a \u2013 CNJ, por meio da Portaria N. 138\/2013, atualizada pela portaria N. 59\/2019, com compet\u00eancia para propor as diretrizes nacionais, impulsionar sua implementa\u00e7\u00e3o, monitorar e divulgar os resultados.<\/p><\/blockquote>\n<p>&nbsp;<\/p>\n<p><strong>..:: MEMBROS ::..<\/strong><\/p>\n<ul>\n<li>Comit\u00ea Gestor Nacional.<\/li>\n<li>Comit\u00eas Gestores dos Segmentos de Justi\u00e7a.<\/li>\n<li>Subcomit\u00eas Gestores.<\/li>\n<\/ul>\n<p>&nbsp;<\/p>\n<p><strong>..:: Integrantes do Comit\u00ea Gestor Nacional ::..<\/strong><\/p>\n<ul>\n<li>Um juiz Auxiliar da Presid\u00eancia do CNJ, que o coordena;<\/li>\n<li>O Diretor do Departamento de Gest\u00e3o Estrat\u00e9gica do CNJ;<\/li>\n<li>Um representante do Conselho da Justi\u00e7a Federal \u2013 CJF;<\/li>\n<li>Um representante do Conselho Superior da Justi\u00e7a do Trabalho \u2013 CSJT;<\/li>\n<li>Um representante do Superior Tribunal de Justi\u00e7a \u2013 STJ;<\/li>\n<li>Um representante do Tribunal superior Eleitoral \u2013 TSE;<\/li>\n<li>Um representante eleito do Superior Tribunal Militar \u2013 STM e um da Justi\u00e7a Militar Estadual;<\/li>\n<li>Os representantes eleitos coordenadores dos Comit\u00eas Gestores dos Seguimentos de Justi\u00e7a.<\/li>\n<\/ul>\n<p>&nbsp;<\/p>\n<p><strong>..:: Integrantes do Comit\u00ea Gestor do Segmento de Justi\u00e7a ::..<\/strong><\/p>\n<ul>\n<li>Um representante de cada tribunal do respectivo segmento, ou<\/li>\n<li>Seus respectivos representantes eleitos, quando houver subcomit\u00eas.<\/li>\n<\/ul>\n<p style=\"padding-left: 30px;\">O segmento de Justi\u00e7a representa cada esfera de compet\u00eancia jurisdicional do Poder Judici\u00e1rio e se reporta \u00e0 Justi\u00e7a Estadual, Justi\u00e7a Federal, Justi\u00e7a do Trabalho e Justi\u00e7a Militar.<\/p>\n<p>&nbsp;<\/p>\n<p><strong>..:: REDE DO SEGMENTO DA JUSTI\u00c7A ESTADUAL ::..<\/strong><\/p>\n<p class=\" \" style=\"padding-left: 30px;\">Durante o XVII Encontro Nacional do Poder Judici\u00e1rio, ocorrido nos dias 4 e 5 de dezembro de 2023, em Salvador\/BA, foi realizada a elei\u00e7\u00e3o do Coordenador do Comit\u00ea da Justi\u00e7a Estadual e dos Coordenadores dos Subcomit\u00eas Regionais.<\/p>\n<p class=\" \" style=\"padding-left: 30px;\">A Rede do segmento da Justi\u00e7a Estadual tem como Coordenador o TJBA e os coordenadores dos subcomit\u00eas regionais s\u00e3o os seguintes:<\/p>\n<p style=\"padding-left: 40px;\">Coordenador da Justi\u00e7a Estadual &#8211; TJBA<\/p>\n<p style=\"padding-left: 40px;\">Coordenadores dos Subcomit\u00eas<\/p>\n<ul>\n<li>Norte &#8211; TJAP<\/li>\n<li>Nordeste &#8211; TJBA<\/li>\n<li>Centro-Oeste &#8211; TJGO<\/li>\n<li>Sudeste &#8211; TJMG<\/li>\n<li>Sul &#8211; TJSC<\/li>\n<\/ul>\n<\/div>\n","protected":false},"excerpt":{"rendered":"<p>A Rede de Governan\u00e7a Colaborativa do Poder Judici\u00e1rio foi criada pelo Conselho Nacional de Justi\u00e7a \u2013 CNJ, por meio da Portaria N. 138\/2013, atualizada pela portaria N. 59\/2019, com compet\u00eancia para propor as diretrizes nacionais, impulsionar sua implementa\u00e7\u00e3o, monitorar e divulgar os resultados. &nbsp; ..:: MEMBROS ::.. Comit\u00ea Gestor Nacional. Comit\u00eas Gestores dos Segmentos de [&hellip;]<\/p>\n","protected":false},"author":2,"featured_media":0,"parent":0,"menu_order":0,"comment_status":"closed","ping_status":"closed","template":"","meta":{"footnotes":""},"class_list":["post-2788","page","type-page","status-publish","hentry"],"acf":[],"featured_image_src":null,"_links":{"self":[{"href":"https:\/\/www.tjba.jus.br\/estrategia\/wp-json\/wp\/v2\/pages\/2788","targetHints":{"allow":["GET"]}}],"collection":[{"href":"https:\/\/www.tjba.jus.br\/estrategia\/wp-json\/wp\/v2\/pages"}],"about":[{"href":"https:\/\/www.tjba.jus.br\/estrategia\/wp-json\/wp\/v2\/types\/page"}],"author":[{"embeddable":true,"href":"https:\/\/www.tjba.jus.br\/estrategia\/wp-json\/wp\/v2\/users\/2"}],"replies":[{"embeddable":true,"href":"https:\/\/www.tjba.jus.br\/estrategia\/wp-json\/wp\/v2\/comments?post=2788"}],"version-history":[{"count":25,"href":"https:\/\/www.tjba.jus.br\/estrategia\/wp-json\/wp\/v2\/pages\/2788\/revisions"}],"predecessor-version":[{"id":8755,"href":"https:\/\/www.tjba.jus.br\/estrategia\/wp-json\/wp\/v2\/pages\/2788\/revisions\/8755"}],"wp:attachment":[{"href":"https:\/\/www.tjba.jus.br\/estrategia\/wp-json\/wp\/v2\/media?parent=2788"}],"curies":[{"name":"wp","href":"https:\/\/api.w.org\/{rel}","templated":true}]}}