{"id":7836,"date":"2023-06-20T10:53:13","date_gmt":"2023-06-20T13:53:13","guid":{"rendered":"http:\/\/www5.tjba.jus.br\/estrategia\/?page_id=7836"},"modified":"2026-03-30T09:32:59","modified_gmt":"2026-03-30T12:32:59","slug":"grupo-de-pesquisas-judiciarias","status":"publish","type":"page","link":"https:\/\/www.tjba.jus.br\/estrategia\/grupo-de-pesquisas-judiciarias\/","title":{"rendered":"Grupo de Pesquisas Judici\u00e1rias"},"content":{"rendered":"\n<h5 class=\"wp-block-heading\">&nbsp;<\/h5>\n\n\n\n<div class=\"wp-block-media-text is-stacked-on-mobile is-vertically-aligned-top\" style=\"grid-template-columns:21% auto\"><figure class=\"wp-block-media-text__media\"><img loading=\"lazy\" decoding=\"async\" width=\"288\" height=\"300\" src=\"https:\/\/www.tjba.jus.br\/estrategia\/wp-content\/uploads\/2026\/03\/gpj.png\" alt=\"\" class=\"wp-image-9931 size-full\"\/><\/figure><div class=\"wp-block-media-text__content\">\n<p><strong><span style=\"color: #000000;\">O Grupo de Pesquisas Judici\u00e1rias (GPJ), criado a partir da Resolu\u00e7\u00e3o N\u00ba 13, de 24 de agosto de 2022, tem compet\u00eancia para gest\u00e3o, organiza\u00e7\u00e3o e valida\u00e7\u00e3o de bases de dados, produ\u00e7\u00e3o de estat\u00edsticas e elabora\u00e7\u00e3o de diagn\u00f3sticos sobre a atua\u00e7\u00e3o do Tribunal de Justi\u00e7a do Estado da Bahia. Nestes termos:<\/span><\/strong><\/p>\n\n\n\n<p><span style=\"color: #000000;\">Art. 3\u00ba Compete ao GPJ:<\/span><br><span style=\"color: #000000;\">I \u2013 zelar pela consist\u00eancia e pela integridade das bases de dados do tribunal;<\/span><br><span style=\"color: #000000;\">II \u2013 supervisionar as remessas de dados ao CNJ, buscando a consist\u00eancia da informa\u00e7\u00e3o e o envio nos prazos estabelecidos;<\/span><br><span style=\"color: #000000;\">III \u2013 realizar, fomentar e apoiar a elabora\u00e7\u00e3o de estudos e diagn\u00f3sticos de temas de interesse da presid\u00eancia do tribunal, do CNJ ou da sociedade, utilizando, sempre que poss\u00edvel, a base DataJud como fonte prim\u00e1ria de dados do SIESPJ;<\/span><br><span style=\"color: #000000;\">IV \u2013 observar os padr\u00f5es de conceitos e de par\u00e2metros estabelecidos para o SIESPJ na produ\u00e7\u00e3o de dados estat\u00edsticos;<\/span><br><span style=\"color: #000000;\">V \u2013 fornecer subs\u00eddios t\u00e9cnicos para a formula\u00e7\u00e3o de pol\u00edticas judici\u00e1rias locais;<\/span><br><span style=\"color: #000000;\">VI \u2013 disseminar informa\u00e7\u00e3o e conhecimento por meio de publica\u00e7\u00f5es, semin\u00e1rios e outros ve\u00edculos;<\/span><br><span style=\"color: #000000;\">VII \u2013 estabelecer, sempre que necess\u00e1rio, rede de articula\u00e7\u00e3o com as escolas judiciais e de magistratura, centros de intelig\u00eancia, laborat\u00f3rios de inova\u00e7\u00e3o, universidades, institui\u00e7\u00f5es de ensino superior e\/ou de pesquisa;<\/span><br><span style=\"color: #000000;\">VIII \u2013 fomentar a produ\u00e7\u00e3o de pesquisas emp\u00edricas em direito em articula\u00e7\u00e3o com as institui\u00e7\u00f5es de ensino superior locais;<\/span><br><span style=\"color: #000000;\">IX \u2013 atuar para que as TPUs sejam utilizadas em sua vers\u00e3o mais recente nos sistemas processuais, conforme atualiza\u00e7\u00f5es lan\u00e7adas pelo CNJ;<\/span><br><span style=\"color: #000000;\">X \u2013 observar o Modelo de Transmiss\u00e3o de Dados (MTD) e as demais especifica\u00e7\u00f5es de envio e funcionalidades da base DataJud;<\/span><br><span style=\"color: #000000;\">XI \u2013 supervisionar o processo de instala\u00e7\u00e3o e implanta\u00e7\u00e3o de instrumentos de coleta de dados;<\/span><br><span style=\"color: #000000;\">XII \u2013 atuar no processo de qualifica\u00e7\u00e3o dos dados dos sistemas processuais, de forma a realizar toda e qualquer a\u00e7\u00e3o necess\u00e1ria ao saneamento do DataJud e dos demais instrumentos de coleta de dados, garantindo a integridade e a confiabilidade dos dados recepcionados<\/span><br><span style=\"color: #000000;\">pelo CNJ; e<\/span><br><span style=\"color: #000000;\">XIII \u2013 elaborar, publicar e enviar, anualmente, \u00e0 Presid\u00eancia do Tribunal e ao Departamento de Pesquisas Judici\u00e1rias (DPJ), at\u00e9 o dia 30 de mar\u00e7o do ano subsequente, o relat\u00f3rio das atividades do GPJ do ano anterior, com a descri\u00e7\u00e3o das atividades, os diagn\u00f3sticos e as pesquisas<\/span><br><span style=\"color: #000000;\">realizadas, bem como o plano de a\u00e7\u00e3o com as atividades previstas para o ano corrente.<\/span><br><span style=\"color: #000000;\">Par\u00e1grafo \u00fanico. As pesquisas, os estudos e os diagn\u00f3sticos produzidos pelo GPJ dever\u00e3o estar em conson\u00e2ncia com a Estrat\u00e9gia Nacional do Poder Judici\u00e1rio ou com o Planejamento Estrat\u00e9gico do Tribunal.<\/span><\/p>\n<\/div><\/div>\n\n\n\n<h5 class=\"wp-block-heading\"><strong><span style=\"color: #000000;\">A composi\u00e7\u00e3o do GPJ foi fixada pelo Decreto Judici\u00e1rio N\u00ba 270, de 24 de mar\u00e7o de 2026, da seguinte forma:<\/span><\/strong><\/h5>\n\n\n\n<blockquote class=\"wp-block-quote is-layout-flow wp-block-quote-is-layout-flow\">\n<p><span style=\"color: #000000;\"><span style=\"font-family: Times;\"><span style=\"font-size: medium;\">Art. 1\u00ba. Altera a composi\u00e7\u00e3o do Grupo de Pesquisas Judici\u00e1rias (GPJ), institu\u00eddo pela Resolu\u00e7\u00e3o n\u00ba 13, de 24 de agosto de 2022, que passa a ser integrado pelos seguintes membros:<\/span><\/span><\/span><\/p>\n\n\n\n<p><span style=\"color: #000000;\"><span style=\"font-family: Times;\"><span style=\"font-size: medium;\">I. <span style=\"color: #000000;\"><span style=\"font-family: Times;\"><span style=\"font-size: medium;\">Juiz de Direito \u00c9rico Rodrigues Vieira<\/span><\/span><\/span>;<\/span><\/span><\/span><\/p>\n\n\n\n<p><span style=\"color: #000000;\"><span style=\"font-family: Times;\"><span style=\"font-size: medium;\">II. Ju\u00edza de Direito Luciana Carinhanha Setubal ;<\/span><\/span><\/span><\/p>\n\n\n\n<p><span style=\"color: #000000;\"><span style=\"font-family: Times;\"><span style=\"font-size: medium;\">III. <span style=\"color: #000000;\"><span style=\"font-family: Times;\"><span style=\"font-size: medium;\">Ju\u00edza de Direito Eduarda de Lima Vidal<\/span><\/span><\/span>;<\/span><\/span><\/span><\/p>\n\n\n\n<p><span style=\"color: #000000;\"><span style=\"font-family: Times;\"><span style=\"font-size: medium;\">IV. Juiz de Direito Murilo de Castro Oliveira;<\/span><\/span><\/span><\/p>\n\n\n\n<p><span style=\"color: #000000;\"><span style=\"font-family: Times;\"><span style=\"font-size: medium;\">V. Ju\u00edza de Direito Georgia Quadros Alves de Britto;<\/span><\/span><\/span><\/p>\n\n\n\n<p><span style=\"color: #000000;\"><span style=\"font-family: Times;\"><span style=\"font-size: medium;\">VI. Juiz de Direito Jo\u00e3o Paulo Guimar\u00e3es Neto;<\/span><\/span><\/span><\/p>\n\n\n\n<p><span style=\"color: #000000;\"><span style=\"font-family: Times;\"><span style=\"font-size: medium;\">VII. Ju\u00edza de Direito Marcela Moura Fran\u00e7a;<\/span><\/span><\/span><\/p>\n\n\n\n<p><span style=\"color: #000000;\"><span style=\"font-family: Times;\"><span style=\"font-size: medium;\">VIII. Amaury Gomes Argollo, Chefe de Gabinete, servidor indicado pela Corregedoria-Geral da Justi\u00e7a;<\/span><\/span><\/span><\/p>\n\n\n\n<p><span style=\"color: #000000;\"><span style=\"font-family: Times;\"><span style=\"font-size: medium;\">IX. <span style=\"color: #000000;\"><span style=\"font-family: Times;\"><span style=\"font-size: medium;\">Leonardo de Andrade Ferraz Foga\u00e7a, Secret\u00e1rio de Tecnologia da Informa\u00e7\u00e3o e Moderniza\u00e7\u00e3o, servidor com forma\u00e7\u00e3o em tecnologia da informa\u00e7\u00e3o;<\/span><\/span><\/span><\/span><\/span><\/span><\/p>\n\n\n\n<p><span style=\"color: #000000;\"><span style=\"font-family: Times;\"><span style=\"font-size: medium;\">X. Alexsandro Silva Santos, servidor com forma\u00e7\u00e3o em Direito, com conhecimento em Tabelas Processuais Unificadas (TPU) e parametriza\u00e7\u00e3o;<\/span><\/span><\/span><\/p>\n\n\n\n<p><span style=\"color: #000000;\"><span style=\"font-family: Times;\"><span style=\"font-size: medium;\">XI. Ellen Tainan Nunes Lemos, Coordenadora de Estat\u00edstica, servidora com forma\u00e7\u00e3o em estat\u00edstica;<\/span><\/span><\/span><\/p>\n\n\n\n<p><span style=\"color: #000000;\"><span style=\"font-family: Times;\"><span style=\"font-size: medium;\">XII. Carlana Faria Rocha, servidora com forma\u00e7\u00e3o em ci\u00eancias humanas e experi\u00eancia em pesquisa emp\u00edrica.<\/span><\/span><\/span><\/p>\n\n\n\n<h5 class=\"wp-block-heading\"><strong><span style=\"color: #000000;\">Atos Normativos relacionados ao GPJ:<\/span><\/strong><\/h5>\n<\/blockquote>\n\n\n\n<p><a href=\"http:\/\/www5.tjba.jus.br\/estrategia\/wp-content\/uploads\/2023\/06\/Resolu\u00e7\u00e3o-N\u00ba-462-GPJ-CNJ-06-junho-2022.pdf\">Resolu\u00e7\u00e3o N\u00ba 462 GPJ -CNJ 06 junho 2022<\/a><\/p>\n\n\n\n<p><a href=\"http:\/\/www5.tjba.jus.br\/estrategia\/wp-content\/uploads\/2023\/06\/Resolu\u00e7\u00e3o-N\u00ba13-GPJ-CNJ-24-agosto-2022.pdf\">Resolu\u00e7\u00e3o N\u00ba13 GPJ &#8211; TJBA 24 agosto 2022<\/a><\/p>\n\n\n\n<p><a href=\"http:\/\/www5.tjba.jus.br\/estrategia\/wp-content\/uploads\/2023\/06\/Decreto-N\u00ba-75-GPJ-TJBA-06-fevereiro-2023.pdf\">Decreto N\u00ba 75 &#8211; GPJ TJBA 06 fevereiro 2023<\/a><\/p>\n\n\n\n<p><a href=\"http:\/\/www5.tjba.jus.br\/estrategia\/wp-content\/uploads\/2024\/02\/DECRETO-N\u00ba-208-GPJ-TJBA-29-fevereiro-2024.pdf\">DECRETO N\u00ba 208 &#8211; GPJ TJBA 29 fevereiro 2024<\/a><\/p>\n\n\n\n<p><a href=\"https:\/\/www7.tjba.jus.br\/secao\/lerPublicacao.wsp?tmp.mostrarDiv=sim&amp;tmp.id=33977&amp;tmp.secao=9\" target=\"_blank\" rel=\"noopener noreferrer\">DECRETO JUDICI\u00c1RIO N\u00ba 298, DE 03 DE ABRIL DE 2024.<\/a><\/p>\n\n\n\n<p><a href=\"https:\/\/www7.tjba.jus.br\/secao\/lerPublicacao.wsp?tmp.mostrarDiv=sim&amp;tmp.id=38071&amp;tmp.secao=9\" target=\"_blank\" rel=\"noopener noreferrer\">Decreto Judici\u00e1rio N\u00ba 736, de 16 de setembro de 2024.<\/a><\/p>\n\n\n\n<p><a href=\"https:\/\/www7.tjba.jus.br\/secao\/lerPublicacao.wsp?tmp.mostrarDiv=sim&amp;tmp.id=41896&amp;tmp.secao=9\" target=\"_blank\" rel=\"noreferrer noopener\">Decreto Judici\u00e1rio N\u00ba 270, de 23 de mar\u00e7o de 2026.<\/a><\/p>\n\n\n\n<h5 class=\"wp-block-heading\"><strong><span style=\"color: #000000;\">Relat\u00f3rio de Atividades &#8211; <\/span><\/strong><strong><span style=\"color: #000000;\">GPJ:<\/span><\/strong><\/h5>\n\n\n\n<p><a href=\"http:\/\/www5.tjba.jus.br\/estrategia\/wp-content\/uploads\/2023\/12\/Relat\u00f3rio-GPJ-PV-V0.5.pdf\" target=\"_blank\" rel=\"noopener noreferrer\">2022-2024<\/a><\/p>\n","protected":false},"excerpt":{"rendered":"<p>&nbsp; O Grupo de Pesquisas Judici\u00e1rias (GPJ), criado a partir da Resolu\u00e7\u00e3o N\u00ba 13, de 24 de agosto de 2022, tem compet\u00eancia para gest\u00e3o, organiza\u00e7\u00e3o e valida\u00e7\u00e3o de bases de dados, produ\u00e7\u00e3o de estat\u00edsticas e elabora\u00e7\u00e3o de diagn\u00f3sticos sobre a atua\u00e7\u00e3o do Tribunal de Justi\u00e7a do Estado da Bahia. Nestes termos: Art. 3\u00ba Compete ao [&hellip;]<\/p>\n","protected":false},"author":7,"featured_media":0,"parent":0,"menu_order":0,"comment_status":"closed","ping_status":"closed","template":"page-modelo-1280px.php","meta":{"footnotes":""},"class_list":["post-7836","page","type-page","status-publish","hentry"],"acf":[],"featured_image_src":null,"_links":{"self":[{"href":"https:\/\/www.tjba.jus.br\/estrategia\/wp-json\/wp\/v2\/pages\/7836","targetHints":{"allow":["GET"]}}],"collection":[{"href":"https:\/\/www.tjba.jus.br\/estrategia\/wp-json\/wp\/v2\/pages"}],"about":[{"href":"https:\/\/www.tjba.jus.br\/estrategia\/wp-json\/wp\/v2\/types\/page"}],"author":[{"embeddable":true,"href":"https:\/\/www.tjba.jus.br\/estrategia\/wp-json\/wp\/v2\/users\/7"}],"replies":[{"embeddable":true,"href":"https:\/\/www.tjba.jus.br\/estrategia\/wp-json\/wp\/v2\/comments?post=7836"}],"version-history":[{"count":34,"href":"https:\/\/www.tjba.jus.br\/estrategia\/wp-json\/wp\/v2\/pages\/7836\/revisions"}],"predecessor-version":[{"id":10299,"href":"https:\/\/www.tjba.jus.br\/estrategia\/wp-json\/wp\/v2\/pages\/7836\/revisions\/10299"}],"wp:attachment":[{"href":"https:\/\/www.tjba.jus.br\/estrategia\/wp-json\/wp\/v2\/media?parent=7836"}],"curies":[{"name":"wp","href":"https:\/\/api.w.org\/{rel}","templated":true}]}}