{"id":726,"date":"2026-03-09T11:13:37","date_gmt":"2026-03-09T14:13:37","guid":{"rendered":"https:\/\/www.tjba.jus.br\/portaldeacessibilidade\/?page_id=726"},"modified":"2026-03-30T12:15:47","modified_gmt":"2026-03-30T15:15:47","slug":"audiodescricao","status":"publish","type":"page","link":"https:\/\/www.tjba.jus.br\/portaldeacessibilidade\/audiodescricao\/","title":{"rendered":"Audiodescri\u00e7\u00e3o"},"content":{"rendered":"\n<figure class=\"wp-block-image size-large\"><img loading=\"lazy\" decoding=\"async\" width=\"1024\" height=\"332\" src=\"https:\/\/www.tjba.jus.br\/portaldeacessibilidade\/wp-content\/uploads\/2026\/03\/03-1024x332.jpg\" alt=\"Banner em tons de azul com \u00edcones de pessoas representando diversidade e inclus\u00e3o no topo a palavra ACESSIBILIDADE ao lado dos \u00edcones. Ao centro, l\u00ea-se \u201cAUDIODESCRI\u00c7\u00c3O\u201d.[Fim da descri\u00e7\u00e3o].\" class=\"wp-image-749\" srcset=\"https:\/\/www.tjba.jus.br\/portaldeacessibilidade\/wp-content\/uploads\/2026\/03\/03-1024x332.jpg 1024w, https:\/\/www.tjba.jus.br\/portaldeacessibilidade\/wp-content\/uploads\/2026\/03\/03-300x97.jpg 300w, https:\/\/www.tjba.jus.br\/portaldeacessibilidade\/wp-content\/uploads\/2026\/03\/03-768x249.jpg 768w, https:\/\/www.tjba.jus.br\/portaldeacessibilidade\/wp-content\/uploads\/2026\/03\/03-150x49.jpg 150w, https:\/\/www.tjba.jus.br\/portaldeacessibilidade\/wp-content\/uploads\/2026\/03\/03.jpg 1200w\" sizes=\"auto, (max-width: 1024px) 100vw, 1024px\" \/><figcaption class=\"wp-element-caption\">Banner em tons de azul com \u00edcones de pessoas representando diversidade e inclus\u00e3o no topo a palavra ACESSIBILIDADE ao lado dos \u00edcones. Ao centro, l\u00ea-se \u201cAUDIODESCRI\u00c7\u00c3O\u201d.[Fim da descri\u00e7\u00e3o].<\/figcaption><\/figure>\n\n\n\n<h2 class=\"wp-block-heading\">O que significa audiodescri\u00e7\u00e3o?<\/h2>\n\n\n\n<p>Trata-se de uma t\u00e9cnica de descri\u00e7\u00e3o de imagens, est\u00e1ticas ou din\u00e2micas, voltadas para a promo\u00e7\u00e3o da&nbsp;acessibilidade para pessoas com defici\u00eancia visual.&nbsp;Auxilia tamb\u00e9m&nbsp;pessoas idosas, disl\u00e9xicas e com defici\u00eancia intelectual.&nbsp;<\/p>\n\n\n\n<h2 class=\"wp-block-heading\"><strong>O PJBA utiliza audiodescri\u00e7\u00e3o?<\/strong><\/h2>\n\n\n\n<p>O Tribunal baiano faz uso da audiodescri\u00e7\u00e3o em publica\u00e7\u00f5es no site institucional, em v\u00eddeos produzidos pela Assessoria de Comunica\u00e7\u00e3o Social (Ascom), em postagens nas redes sociais oficiais, entre outros produtos informativos.&nbsp; Confira abaixo<\/p>\n\n\n\n<hr class=\"wp-block-separator has-alpha-channel-opacity\"\/>\n\n\n<h3 class=\"wp-block-post-title\">Audiodescri\u00e7\u00e3o<\/h3>\n\n<div class=\"wp-block-ub-content-toggle wp-block-ub-content-toggle-block\" id=\"ub-content-toggle-block-b98a0b46-72e3-44df-8b28-7ae2f0e627d6\" data-mobilecollapse=\"false\" data-desktopcollapse=\"false\" data-preventcollapse=\"false\" data-showonlyone=\"true\">\n<div class=\"wp-block-ub-content-toggle-accordion\" style=\"border-color: #f1f1f1; \" id=\"ub-content-toggle-panel-block-\">\n\t\t\t<div class=\"wp-block-ub-content-toggle-accordion-title-wrap\" style=\"background-color: #f1f1f1;\" aria-controls=\"ub-content-toggle-panel-0-b98a0b46-72e3-44df-8b28-7ae2f0e627d6\" tabindex=\"0\">\n\t\t\t<p class=\"wp-block-ub-content-toggle-accordion-title ub-content-toggle-title-b98a0b46-72e3-44df-8b28-7ae2f0e627d6\" style=\"color: #000000; \"><strong>2026<\/strong><\/p>\n\t\t\t<div class=\"wp-block-ub-content-toggle-accordion-toggle-wrap right\" style=\"color: #000000;\"><span class=\"wp-block-ub-content-toggle-accordion-state-indicator wp-block-ub-chevron-down\"><\/span><\/div>\n\t\t<\/div>\n\t\t\t<div role=\"region\" aria-expanded=\"false\" class=\"wp-block-ub-content-toggle-accordion-content-wrap ub-hide\" id=\"ub-content-toggle-panel-0-b98a0b46-72e3-44df-8b28-7ae2f0e627d6\">\n\n<p>Ainda n\u00e3o foram disponibilizados v\u00eddeos com a utiliza\u00e7\u00e3o do recurso de acessibilidade para o ano em exerc\u00edcio. Aguarde-se.<\/p>\n\n<\/div>\n\t\t<\/div>\n\n<div class=\"wp-block-ub-content-toggle-accordion\" style=\"border-color: #f1f1f1; \" id=\"ub-content-toggle-panel-block-\">\n\t\t\t<div class=\"wp-block-ub-content-toggle-accordion-title-wrap\" style=\"background-color: #f1f1f1;\" aria-controls=\"ub-content-toggle-panel-1-b98a0b46-72e3-44df-8b28-7ae2f0e627d6\" tabindex=\"0\">\n\t\t\t<p class=\"wp-block-ub-content-toggle-accordion-title ub-content-toggle-title-b98a0b46-72e3-44df-8b28-7ae2f0e627d6\" style=\"color: #000000; \"><strong>2025<\/strong><\/p>\n\t\t\t<div class=\"wp-block-ub-content-toggle-accordion-toggle-wrap right\" style=\"color: #000000;\"><span class=\"wp-block-ub-content-toggle-accordion-state-indicator wp-block-ub-chevron-down\"><\/span><\/div>\n\t\t<\/div>\n\t\t\t<div role=\"region\" aria-expanded=\"false\" class=\"wp-block-ub-content-toggle-accordion-content-wrap ub-hide\" id=\"ub-content-toggle-panel-1-b98a0b46-72e3-44df-8b28-7ae2f0e627d6\">\n\n<p><a href=\"https:\/\/www.youtube.com\/watch?v=wsefwmt7uGA\">Julho das Pretas \u2013 Justi\u00e7a Racial e de G\u00eanero<\/a><\/p>\n\n\n\n<p><a href=\"https:\/\/www.youtube.com\/watch?v=6TcA7OWXc28&amp;t=133s\">Audi\u00eancia P\u00fablica para Constru\u00e7\u00e3o das Metas Nacionais 2026<\/a><\/p>\n\n<\/div>\n\t\t<\/div>\n\n<div class=\"wp-block-ub-content-toggle-accordion\" style=\"border-color: #f1f1f1; \" id=\"ub-content-toggle-panel-block-\">\n\t\t\t<div class=\"wp-block-ub-content-toggle-accordion-title-wrap\" style=\"background-color: #f1f1f1;\" aria-controls=\"ub-content-toggle-panel-2-b98a0b46-72e3-44df-8b28-7ae2f0e627d6\" tabindex=\"0\">\n\t\t\t<p class=\"wp-block-ub-content-toggle-accordion-title ub-content-toggle-title-b98a0b46-72e3-44df-8b28-7ae2f0e627d6\" style=\"color: #000000; \"><strong>2024<\/strong><\/p>\n\t\t\t<div class=\"wp-block-ub-content-toggle-accordion-toggle-wrap right\" style=\"color: #000000;\"><span class=\"wp-block-ub-content-toggle-accordion-state-indicator wp-block-ub-chevron-down\"><\/span><\/div>\n\t\t<\/div>\n\t\t\t<div role=\"region\" aria-expanded=\"false\" class=\"wp-block-ub-content-toggle-accordion-content-wrap ub-hide\" id=\"ub-content-toggle-panel-2-b98a0b46-72e3-44df-8b28-7ae2f0e627d6\">\n\n<p><a href=\"https:\/\/www.youtube.com\/live\/XSUFqL1a9vU\">Workshop para o Lan\u00e7amento do Projeto de Implanta\u00e7\u00e3o do Sistema de Integridade e Compliance do PJBA<\/a><\/p>\n\n\n\n<p><a href=\"https:\/\/www.youtube.com\/watch?v=QcqoCG9TF6s\">Ciclo Formato Visual \u2013 Epistemologias Dissidentes<\/a><\/p>\n\n\n\n<p><a href=\"https:\/\/www.youtube.com\/watch?v=0xjtGnNJjLs\">Ciclo Formato Virtual \u2013 Fam\u00edlias Dissidentes<\/a><\/p>\n\n\n\n<p><a href=\"https:\/\/www.youtube.com\/watch?v=nyu8_R3GW9c\">C\u00edrculos Formativos Virtuais \u2013 Perspectivas Dissidentes<\/a><\/p>\n\n\n\n<p><a href=\"https:\/\/www.youtube.com\/watch?v=gdnlIObfyOA\">Ciclo Formativo Virtual \u2013 Saberes Dissidentes<\/a><\/p>\n\n\n\n<p><a href=\"https:\/\/www.youtube.com\/watch?v=V8_myb7VMZw\">C\u00edrculos Formativos Virtuais \u2013 Perspectivas Dissidentes: Preconceitos e Abandono<\/a><\/p>\n\n\n\n<p><a href=\"https:\/\/www.youtube.com\/watch?v=donOrJ8-mxs\">C\u00edrculos Formativos Virtuais \u2013 Fam\u00edlias Dissidentes: Trajet\u00f3rias de Ativismo<\/a><\/p>\n\n\n\n<p><a href=\"https:\/\/www.youtube.com\/watch?v=1ZM-g3PNSGk\">C\u00edrculos Formativos Virtuais \u2013 Saberes Dissidentes: Sa\u00fade e Envelhecimento da Popula\u00e7\u00e3o LGBTQIAPN+<\/a><\/p>\n\n\n\n<p><a href=\"https:\/\/www.youtube.com\/watch?v=TMDKgXjBR3k\">Novo Modelo de Publica\u00e7\u00e3o de Processos em Segredo de Justi\u00e7a<\/a><\/p>\n\n\n\n<p><a href=\"https:\/\/www.youtube.com\/watch?v=fN0FFGCRAXo\">C\u00edrculos Formativos Virtuais \u2013 Epistemologias Dissidentes: Educa\u00e7\u00e3o e Produ\u00e7\u00e3o de Saberes LGBTQIAPN+<\/a><\/p>\n\n\n\n<p><a href=\"https:\/\/www.youtube.com\/watch?v=XX15FszgH2o\">C\u00edrculos Formativos Virtuais \u2013 Mulheridades Plurais: Um olhar para as mulheres l\u00e9sbicas e intersexo<\/a><\/p>\n\n\n\n<p><a href=\"https:\/\/www.youtube.com\/watch?v=VOQLheXzEBw\">Selo Justi\u00e7a em N\u00fameros<\/a><\/p>\n\n\n\n<p><a href=\"https:\/\/www.youtube.com\/watch?v=2OfhbDI7r0E\">I Jornada de Preven\u00e7\u00e3o &amp; Combate ao Ass\u00e9dio<\/a><\/p>\n\n\n\n<p><a href=\"https:\/\/www.youtube.com\/watch?v=MyGNWj1yDuk\">Semana de Promo\u00e7\u00e3o e Defesa dos Direitos da Popula\u00e7\u00e3o LGBTQIAPN+<\/a><\/p>\n\n\n\n<p><a href=\"https:\/\/www.youtube.com\/watch?v=pZJK3lOqGiM&amp;t=16s\">Workshop Direitos da Pessoa com Defici\u00eancia<\/a><\/p>\n\n\n\n<p><a href=\"https:\/\/www.youtube.com\/watch?v=Wu5b4qXYSGg\">I Encontro dos Tribunais<\/a><\/p>\n\n\n\n<p><a href=\"https:\/\/www.youtube.com\/watch?v=SoiDKOFt964\">Projeto Boas-Vindas \u2013 Manh\u00e3<\/a><\/p>\n\n\n\n<p><a href=\"https:\/\/www.youtube.com\/watch?v=thNWAVvspc8\">Congresso Responsabilidade Civil no S\u00e9culo XXI<\/a><\/p>\n\n\n\n<p><a href=\"https:\/\/www.youtube.com\/watch?v=KUo5V3NGzrE\">I Semin\u00e1rio de Linguagem Simples \u2013 Criando Pontes entre o Cidad\u00e3o e a Justi\u00e7a<\/a><\/p>\n\n\n\n<p><a href=\"https:\/\/www.youtube.com\/watch?v=O9b2fjsMMFo\">Congresso Internacional de Direito Digital<\/a><\/p>\n\n\n\n<p><a href=\"https:\/\/www.youtube.com\/watch?v=pZJK3lOqGiM&amp;t=122s\">Workshop Direitos da Pessoa com Defici\u00eancia<\/a><\/p>\n\n\n\n<p><a href=\"https:\/\/www.youtube.com\/watch?v=aF7_1wxhSUA\">Palestra e outorga da Medalha do M\u00e9rito Judici\u00e1rio ao Ministro Edson Fachin STF<\/a><\/p>\n\n\n\n<p><a href=\"https:\/\/www.youtube.com\/watch?v=xqbjJa8I9KE\">Semin\u00e1rio Solo Seguro: Integrando A\u00e7\u00f5es para uma REURB Segura<\/a><\/p>\n\n<\/div>\n\t\t<\/div>\n\n<div class=\"wp-block-ub-content-toggle-accordion\" style=\"border-color: #f1f1f1; \" id=\"ub-content-toggle-panel-block-\">\n\t\t\t<div class=\"wp-block-ub-content-toggle-accordion-title-wrap\" style=\"background-color: #f1f1f1;\" aria-controls=\"ub-content-toggle-panel-3-b98a0b46-72e3-44df-8b28-7ae2f0e627d6\" tabindex=\"0\">\n\t\t\t<p class=\"wp-block-ub-content-toggle-accordion-title ub-content-toggle-title-b98a0b46-72e3-44df-8b28-7ae2f0e627d6\" style=\"color: #000000; \"><strong>2023<\/strong><\/p>\n\t\t\t<div class=\"wp-block-ub-content-toggle-accordion-toggle-wrap right\" style=\"color: #000000;\"><span class=\"wp-block-ub-content-toggle-accordion-state-indicator wp-block-ub-chevron-down\"><\/span><\/div>\n\t\t<\/div>\n\t\t\t<div role=\"region\" aria-expanded=\"false\" class=\"wp-block-ub-content-toggle-accordion-content-wrap ub-hide\" id=\"ub-content-toggle-panel-3-b98a0b46-72e3-44df-8b28-7ae2f0e627d6\">\n\n<p><a href=\"https:\/\/www.youtube.com\/watch?v=VOQLheXzEBw\">TJBA transmite a Cerim\u00f4nia da 8\u00aa Edi\u00e7\u00e3o do Pr\u00eamio Selo Justi\u00e7a em N\u00fameros 2023 \u2013\u00a0in\u00edcio da audiodescri\u00e7\u00e3o\u00a0(40\u00b448\u00b4\u00b4)<\/a><\/p>\n\n\n\n<p><a href=\"https:\/\/www.youtube.com\/live\/MfDDVlfZZ8g?si=d-urHelIEudL35EN\">TJBA transmite a Cerim\u00f4nia de Incorpora\u00e7\u00e3o da Denomina\u00e7\u00e3o Ministro Hermes Lima ao nome da UNICORP \u2013\u00a0in\u00edcio da audiodescri\u00e7\u00e3o\u00a0(01\u00b407\u00b4\u00b4)<\/a><\/p>\n\n\n\n<p><a href=\"https:\/\/www.youtube.com\/live\/mhSfc39ENrs?si=vdNPJESn3PKrsw7L\">TJBA e CGJ transmitem Semin\u00e1rio Poder Judici\u00e1rio e Internet \u2013\u00a0in\u00edcio da audiodescri\u00e7\u00e3o\u00a0(0\u00b440\u00b4\u00b4)<\/a><\/p>\n\n<\/div>\n\t\t<\/div>\n<\/div>\n\n\n<hr class=\"wp-block-separator has-alpha-channel-opacity\"\/>\n\n\n\n<h3 class=\"wp-block-heading\"><strong>Material Institucional<\/strong><\/h3>\n\n\n<div class=\"wp-block-ub-content-toggle wp-block-ub-content-toggle-block\" id=\"ub-content-toggle-block-0d43ec06-da52-458e-ba8d-5b59c41e2edc\" data-mobilecollapse=\"false\" data-desktopcollapse=\"true\" data-preventcollapse=\"false\" data-showonlyone=\"true\">\n<div class=\"wp-block-ub-content-toggle-accordion\" style=\"border-color: #f1f1f1; \" id=\"ub-content-toggle-panel-block-\">\n\t\t\t<div class=\"wp-block-ub-content-toggle-accordion-title-wrap\" style=\"background-color: #f1f1f1;\" aria-controls=\"ub-content-toggle-panel-0-0d43ec06-da52-458e-ba8d-5b59c41e2edc\" tabindex=\"0\">\n\t\t\t<p class=\"wp-block-ub-content-toggle-accordion-title ub-content-toggle-title-0d43ec06-da52-458e-ba8d-5b59c41e2edc\" style=\"color: #000000; \"><strong>2023<\/strong><\/p>\n\t\t\t<div class=\"wp-block-ub-content-toggle-accordion-toggle-wrap right\" style=\"color: #000000;\"><span class=\"wp-block-ub-content-toggle-accordion-state-indicator wp-block-ub-chevron-down\"><\/span><\/div>\n\t\t<\/div>\n\t\t\t<div role=\"region\" aria-expanded=\"false\" class=\"wp-block-ub-content-toggle-accordion-content-wrap ub-hide\" id=\"ub-content-toggle-panel-0-0d43ec06-da52-458e-ba8d-5b59c41e2edc\">\n\n<p><a href=\"https:\/\/www.youtube.com\/watch?v=lTUTXBCoc0A\">XXIV RAE \u2013 Reuni\u00e3o de An\u00e1lise Estrat\u00e9gica<\/a><\/p>\n\n\n\n<p><a href=\"https:\/\/www.youtube.com\/watch?v=Wn9iRhC8KnU\">V\u00eddeo da Reuni\u00e3o de Alinhamento Estrat\u00e9gico \u2013 Modelo institucional<\/a><\/p>\n\n\n\n<p><a href=\"https:\/\/www.youtube.com\/watch?v=EEYFsrcYPxY\">Miss\u00e3o, Vis\u00e3o e Valores \u2013 Modelo Institucional<\/a><\/p>\n\n<\/div>\n\t\t<\/div>\n<\/div>\n\n\n<hr class=\"wp-block-separator has-alpha-channel-opacity\"\/>\n\n\n\n<h3 class=\"wp-block-heading\"><strong>Mat\u00e9rias&nbsp;<\/strong><\/h3>\n\n\n<div class=\"wp-block-ub-content-toggle wp-block-ub-content-toggle-block\" id=\"ub-content-toggle-block-babe8b44-2090-4119-9f58-0165380779ef\" data-mobilecollapse=\"false\" data-desktopcollapse=\"true\" data-preventcollapse=\"false\" data-showonlyone=\"true\">\n<div class=\"wp-block-ub-content-toggle-accordion\" style=\"border-color: #f1f1f1; \" id=\"ub-content-toggle-panel-block-\">\n\t\t\t<div class=\"wp-block-ub-content-toggle-accordion-title-wrap\" style=\"background-color: #f1f1f1;\" aria-controls=\"ub-content-toggle-panel-0-babe8b44-2090-4119-9f58-0165380779ef\" tabindex=\"0\">\n\t\t\t<p class=\"wp-block-ub-content-toggle-accordion-title ub-content-toggle-title-babe8b44-2090-4119-9f58-0165380779ef\" style=\"color: #000000; \"><strong>2022<\/strong><\/p>\n\t\t\t<div class=\"wp-block-ub-content-toggle-accordion-toggle-wrap right\" style=\"color: #000000;\"><span class=\"wp-block-ub-content-toggle-accordion-state-indicator wp-block-ub-chevron-down\"><\/span><\/div>\n\t\t<\/div>\n\t\t\t<div role=\"region\" aria-expanded=\"false\" class=\"wp-block-ub-content-toggle-accordion-content-wrap ub-hide\" id=\"ub-content-toggle-panel-0-babe8b44-2090-4119-9f58-0165380779ef\">\n\n<p><a href=\"https:\/\/www.tjba.jus.br\/portal\/radio-web-pjba-segesp-promove-podcast-para-tirar-duvidas-de-servidores-e-magistrados\/\">R\u00e1dio Web PJBA: Segesp promove podcast para tirar d\u00favidas de servidores e magistrados<\/a><\/p>\n\n<\/div>\n\t\t<\/div>\n<\/div>","protected":false},"excerpt":{"rendered":"<p>O que significa audiodescri\u00e7\u00e3o? Trata-se de uma t\u00e9cnica de descri\u00e7\u00e3o de imagens, est\u00e1ticas ou din\u00e2micas, voltadas para a promo\u00e7\u00e3o da&nbsp;acessibilidade [&hellip;]<\/p>\n","protected":false},"author":16,"featured_media":0,"parent":0,"menu_order":0,"comment_status":"closed","ping_status":"closed","template":"","meta":{"_acf_changed":false,"_editorskit_title_hidden":false,"_editorskit_reading_time":0,"_editorskit_is_block_options_detached":false,"_editorskit_block_options_position":"{}","footnotes":""},"class_list":["post-726","page","type-page","status-publish","hentry"],"acf":[],"featured_image_src":null,"_links":{"self":[{"href":"https:\/\/www.tjba.jus.br\/portaldeacessibilidade\/wp-json\/wp\/v2\/pages\/726","targetHints":{"allow":["GET"]}}],"collection":[{"href":"https:\/\/www.tjba.jus.br\/portaldeacessibilidade\/wp-json\/wp\/v2\/pages"}],"about":[{"href":"https:\/\/www.tjba.jus.br\/portaldeacessibilidade\/wp-json\/wp\/v2\/types\/page"}],"author":[{"embeddable":true,"href":"https:\/\/www.tjba.jus.br\/portaldeacessibilidade\/wp-json\/wp\/v2\/users\/16"}],"replies":[{"embeddable":true,"href":"https:\/\/www.tjba.jus.br\/portaldeacessibilidade\/wp-json\/wp\/v2\/comments?post=726"}],"version-history":[{"count":16,"href":"https:\/\/www.tjba.jus.br\/portaldeacessibilidade\/wp-json\/wp\/v2\/pages\/726\/revisions"}],"predecessor-version":[{"id":981,"href":"https:\/\/www.tjba.jus.br\/portaldeacessibilidade\/wp-json\/wp\/v2\/pages\/726\/revisions\/981"}],"wp:attachment":[{"href":"https:\/\/www.tjba.jus.br\/portaldeacessibilidade\/wp-json\/wp\/v2\/media?parent=726"}],"curies":[{"name":"wp","href":"https:\/\/api.w.org\/{rel}","templated":true}]}}