{"id":730,"date":"2026-03-09T11:14:03","date_gmt":"2026-03-09T14:14:03","guid":{"rendered":"https:\/\/www.tjba.jus.br\/portaldeacessibilidade\/?page_id=730"},"modified":"2026-03-30T12:20:10","modified_gmt":"2026-03-30T15:20:10","slug":"legenda","status":"publish","type":"page","link":"https:\/\/www.tjba.jus.br\/portaldeacessibilidade\/legenda\/","title":{"rendered":"Legenda"},"content":{"rendered":"\n<figure class=\"wp-block-image size-large\"><img loading=\"lazy\" decoding=\"async\" width=\"1024\" height=\"332\" src=\"https:\/\/www.tjba.jus.br\/portaldeacessibilidade\/wp-content\/uploads\/2026\/03\/Capa-da-Acessibilidade-no-TJBA_Legendas-1024x332.png\" alt=\"Banner em tons de azul com \u00edcones de pessoas representando diversidade e inclus\u00e3o no topo a palavra ACESSIBILIDADE ao lado dos \u00edcones. Ao centro, l\u00ea-se \u201cAUDIODESCRI\u00c7\u00c3O\u201d.[Fim da descri\u00e7\u00e3o].\" class=\"wp-image-752\" srcset=\"https:\/\/www.tjba.jus.br\/portaldeacessibilidade\/wp-content\/uploads\/2026\/03\/Capa-da-Acessibilidade-no-TJBA_Legendas-1024x332.png 1024w, https:\/\/www.tjba.jus.br\/portaldeacessibilidade\/wp-content\/uploads\/2026\/03\/Capa-da-Acessibilidade-no-TJBA_Legendas-300x97.png 300w, https:\/\/www.tjba.jus.br\/portaldeacessibilidade\/wp-content\/uploads\/2026\/03\/Capa-da-Acessibilidade-no-TJBA_Legendas-768x249.png 768w, https:\/\/www.tjba.jus.br\/portaldeacessibilidade\/wp-content\/uploads\/2026\/03\/Capa-da-Acessibilidade-no-TJBA_Legendas-150x49.png 150w, https:\/\/www.tjba.jus.br\/portaldeacessibilidade\/wp-content\/uploads\/2026\/03\/Capa-da-Acessibilidade-no-TJBA_Legendas.png 1200w\" sizes=\"auto, (max-width: 1024px) 100vw, 1024px\" \/><figcaption class=\"wp-element-caption\">Banner em tons de azul com \u00edcones de pessoas representando diversidade e inclus\u00e3o no topo a palavra ACESSIBILIDADE ao lado dos \u00edcones. Ao centro, l\u00ea-se \u201cLEGENDA\u201d.[Fim da descri\u00e7\u00e3o].<\/figcaption><\/figure>\n\n\n\n<h2 class=\"wp-block-heading\">O que significa legenda?<\/h2>\n\n\n\n<p>\u00c9 a informa\u00e7\u00e3o escrita que comenta ou ajuda a compreender, identificar ou interpretar uma imagem. Termo utilizado tamb\u00e9m para a escrita das falas de uma produ\u00e7\u00e3o audiovisual, podendo ser na mesma linguagem do v\u00eddeo ou a tradu\u00e7\u00e3o para outra l\u00edngua.&nbsp;<\/p>\n\n\n\n<h2 class=\"wp-block-heading\">O PJBA utiliza legenda?<\/h2>\n\n\n\n<p>O Tribunal utiliza legenda nas imagens publicadas no site, em informativos e e-mails marketing, assim como nos v\u00eddeos produzidos pela Assessoria de Comunica\u00e7\u00e3o Social (Ascom) e nas publica\u00e7\u00f5es nas redes sociais oficiais.<\/p>\n\n\n\n<p><strong>V\u00eddeos <\/strong><\/p>\n\n\n<div class=\"wp-block-ub-content-toggle wp-block-ub-content-toggle-block\" id=\"ub-content-toggle-block-b8562c68-57f8-4e8d-9ea9-7a03b5436906\" data-mobilecollapse=\"false\" data-desktopcollapse=\"true\" data-preventcollapse=\"false\" data-showonlyone=\"true\">\n<div class=\"wp-block-ub-content-toggle-accordion\" style=\"border-color: #f1f1f1; \" id=\"ub-content-toggle-panel-block-\">\n\t\t\t<div class=\"wp-block-ub-content-toggle-accordion-title-wrap\" style=\"background-color: #f1f1f1;\" aria-controls=\"ub-content-toggle-panel-0-b8562c68-57f8-4e8d-9ea9-7a03b5436906\" tabindex=\"0\">\n\t\t\t<p class=\"wp-block-ub-content-toggle-accordion-title ub-content-toggle-title-b8562c68-57f8-4e8d-9ea9-7a03b5436906\" style=\"color: #000000; \"><strong>2026<\/strong><\/p>\n\t\t\t<div class=\"wp-block-ub-content-toggle-accordion-toggle-wrap right\" style=\"color: #000000;\"><span class=\"wp-block-ub-content-toggle-accordion-state-indicator wp-block-ub-chevron-down\"><\/span><\/div>\n\t\t<\/div>\n\t\t\t<div role=\"region\" aria-expanded=\"false\" class=\"wp-block-ub-content-toggle-accordion-content-wrap ub-hide\" id=\"ub-content-toggle-panel-0-b8562c68-57f8-4e8d-9ea9-7a03b5436906\">\n\n<p>Ainda n\u00e3o foram disponibilizados v\u00eddeos com a utiliza\u00e7\u00e3o do recurso de acessibilidade para o ano em exerc\u00edcio. Aguarde-se.<\/p>\n\n<\/div>\n\t\t<\/div>\n\n<div class=\"wp-block-ub-content-toggle-accordion\" style=\"border-color: #f1f1f1; \" id=\"ub-content-toggle-panel-block-\">\n\t\t\t<div class=\"wp-block-ub-content-toggle-accordion-title-wrap\" style=\"background-color: #f1f1f1;\" aria-controls=\"ub-content-toggle-panel-1-b8562c68-57f8-4e8d-9ea9-7a03b5436906\" tabindex=\"0\">\n\t\t\t<p class=\"wp-block-ub-content-toggle-accordion-title ub-content-toggle-title-b8562c68-57f8-4e8d-9ea9-7a03b5436906\" style=\"color: #000000; \"><strong>2025<\/strong><\/p>\n\t\t\t<div class=\"wp-block-ub-content-toggle-accordion-toggle-wrap right\" style=\"color: #000000;\"><span class=\"wp-block-ub-content-toggle-accordion-state-indicator wp-block-ub-chevron-down\"><\/span><\/div>\n\t\t<\/div>\n\t\t\t<div role=\"region\" aria-expanded=\"false\" class=\"wp-block-ub-content-toggle-accordion-content-wrap ub-hide\" id=\"ub-content-toggle-panel-1-b8562c68-57f8-4e8d-9ea9-7a03b5436906\">\n\n<p><a href=\"https:\/\/www.youtube.com\/watch?v=VmsN3-6iXpc\">Cejusc Virtual<\/a><\/p>\n\n\n\n<p><a href=\"https:\/\/www.youtube.com\/watch?v=S2U2DrWUIc8\">PJe 2G &#8211; Inclus\u00e3o de Movimenta\u00e7\u00e3o em Documentos Elaborados Pelo Fluxo da Secret\u00e1ria<\/a><\/p>\n\n\n\n<p><a href=\"https:\/\/www.youtube.com\/watch?v=HgyOCiGgu9s\">Envio de Comunica\u00e7\u00f5es ao Portal do Domic\u00edlio Eletr\u00f4nico Nacional<\/a><\/p>\n\n\n\n<p><a href=\"https:\/\/www.youtube.com\/watch?v=HoRzzBKQitI\">PJE &#8211; Produ\u00e7\u00e3o de Precat\u00f3rios e RPV<\/a><\/p>\n\n\n\n<p><a href=\"https:\/\/www.youtube.com\/watch?v=qA0M42WRssw\" data-type=\"link\" data-id=\"https:\/\/www.youtube.com\/watch?v=qA0M42WRssw\">PJE &#8211; Cadastro de Penhora do Rosto dos Autos<\/a><\/p>\n\n\n\n<p><a href=\"https:\/\/www.youtube.com\/watch?v=r1BmvvjaxS8\">Ouvidoria TJBA<\/a><\/p>\n\n\n\n<p><a href=\"https:\/\/www.youtube.com\/watch?v=z5iQKVBKXms\">Novo fluxo no Sistema PJE para medidas de urg\u00eancia<\/a><\/p>\n\n\n\n<p><a href=\"https:\/\/www.youtube.com\/watch?v=mqtwrczdIew\">Ouvidoria TJ Bahia! <\/a><\/p>\n\n\n\n<p><a href=\"https:\/\/www.youtube.com\/watch?v=bu6qsX0S2Xo\">TJBA mais perto &#8211; CIJ<\/a><\/p>\n\n\n\n<p><a href=\"https:\/\/www.youtube.com\/watch?v=NfGzKqBUOEs\">TJBA, Justi\u00e7a e sustentabilidade caminham juntas<\/a><\/p>\n\n\n\n<p><a href=\"https:\/\/www.youtube.com\/watch?v=AnMLBxYiAB4\">Conselho de Presidentes dos Tribunais de Justi\u00e7a do Brasil<\/a><\/p>\n\n<\/div>\n\t\t<\/div>\n\n<div class=\"wp-block-ub-content-toggle-accordion\" style=\"border-color: #f1f1f1; \" id=\"ub-content-toggle-panel-block-\">\n\t\t\t<div class=\"wp-block-ub-content-toggle-accordion-title-wrap\" style=\"background-color: #f1f1f1;\" aria-controls=\"ub-content-toggle-panel-2-b8562c68-57f8-4e8d-9ea9-7a03b5436906\" tabindex=\"0\">\n\t\t\t<p class=\"wp-block-ub-content-toggle-accordion-title ub-content-toggle-title-b8562c68-57f8-4e8d-9ea9-7a03b5436906\" style=\"color: #000000; \"><strong>2024<\/strong><\/p>\n\t\t\t<div class=\"wp-block-ub-content-toggle-accordion-toggle-wrap right\" style=\"color: #000000;\"><span class=\"wp-block-ub-content-toggle-accordion-state-indicator wp-block-ub-chevron-down\"><\/span><\/div>\n\t\t<\/div>\n\t\t\t<div role=\"region\" aria-expanded=\"false\" class=\"wp-block-ub-content-toggle-accordion-content-wrap ub-hide\" id=\"ub-content-toggle-panel-2-b8562c68-57f8-4e8d-9ea9-7a03b5436906\">\n\n<p><a href=\"https:\/\/www.youtube.com\/watch?v=R6zQ0hjevLc\">Balan\u00e7o da Gest\u00e3o 2022-2024<\/a><\/p>\n\n\n\n<p><a href=\"https:\/\/www.youtube.com\/watch?v=8eK5YK9RwmQ\">TJBA no Carnaval 2024<\/a><\/p>\n\n\n\n<p><a href=\"https:\/\/www.youtube.com\/watch?v=DAydLRZ0Dy8\">TJBA no Carnaval 2024 Desa. N\u00e1gila Brito \u2013 Coordenadoria da Mulher<\/a><\/p>\n\n\n\n<p><a href=\"https:\/\/www.youtube.com\/watch?v=wabgEd_YVeg\">Hist\u00f3ria de Vida Desa. Cynthia Maria Pina Resende<\/a><\/p>\n\n\n\n<p><a href=\"https:\/\/www.youtube.com\/watch?v=C8MTTKhXyiE\">PJE 2\u00ba GRAU \u2013 Painel Procurador e Assistente<\/a><\/p>\n\n\n\n<p><a href=\"https:\/\/www.youtube.com\/watch?v=L6QhtClzzbY\">PJE 2\u00ba GRAU Intima\u00e7\u00e3o para a Mesa Diretora<\/a><\/p>\n\n\n\n<p><a href=\"https:\/\/www.youtube.com\/watch?v=nzlUa5TjNrI\">199 anos PMBA<\/a><\/p>\n\n\n\n<p><a href=\"https:\/\/www.youtube.com\/watch?v=ga-ydGCceTk\">Medalha do M\u00e9rito Judici\u00e1rio<\/a><\/p>\n\n\n\n<p><a href=\"https:\/\/www.youtube.com\/watch?v=eHhi9e6UX1o\">Jingle Linguagem Simples<\/a><\/p>\n\n\n\n<p><a href=\"https:\/\/www.youtube.com\/watch?v=mD0lCHmJ1Ek\">Painel de Prioriza\u00e7\u00e3o de Processos<\/a><\/p>\n\n\n\n<p><a href=\"https:\/\/www.youtube.com\/watch?v=udqNqTTvv0U\">Minuto PJe \u2013 N\u00facleo de Justi\u00e7a \u2013 PJe 1\u00ba Grau \u2013 Encaminhar Processo ao N\u00facleo de Justi\u00e7a<\/a><\/p>\n\n\n\n<p><a href=\"https:\/\/www.youtube.com\/watch?v=563U6afk-xw\">Ergonomia<\/a><\/p>\n\n\n\n<p><a href=\"https:\/\/www.youtube.com\/watch?v=9Pppw98v46Y\">Minuto PJE \u2013 Gerenciamento de Etiquetas<\/a><\/p>\n\n\n\n<p><a href=\"https:\/\/www.youtube.com\/watch?v=3EzjP_0lD_w\">Minuto PJe \u2013 Filtro de Documento<\/a><\/p>\n\n\n\n<p><a href=\"https:\/\/www.youtube.com\/watch?v=F8b1y0CjlOw\">Minuto PJe \u2013 Prioridade R\u00e9u Preso<\/a><\/p>\n\n\n\n<p><a href=\"https:\/\/www.youtube.com\/watch?v=cftU2t2K_PI\">Minuto PJe \u2013 Fun\u00e7\u00e3o Prancheta<\/a><\/p>\n\n\n\n<p><a href=\"https:\/\/www.youtube.com\/watch?v=QUxPgUIKCPo\">Integra\u00e7\u00e3o PJe e SISBAJUD<\/a><\/p>\n\n\n\n<p><a href=\"https:\/\/www.youtube.com\/watch?v=yvnKaSTJFsU\">Integra\u00e7\u00e3o PJe e SISBAJUD<\/a><\/p>\n\n\n\n<p><a href=\"https:\/\/www.youtube.com\/watch?v=Zy6OBEu57gw\">Painel de Prioriza\u00e7\u00e3o de Processos<\/a><\/p>\n\n\n\n<p><a href=\"https:\/\/www.youtube.com\/watch?v=mck0Z7um4_I\">PJEDOCS<\/a><\/p>\n\n\n\n<p><a href=\"https:\/\/www.youtube.com\/watch?v=AbfJ_5gHB0k\">Saiba como obter seu Protocolo de envio do pedido de Valida\u00e7\u00e3o da Autodeclara\u00e7\u00e3o no TJBA<\/a><\/p>\n\n\n\n<p><a href=\"https:\/\/www.youtube.com\/watch?v=LFyVklnmQ0U\">Videoconfer\u00eancia: quando \u00e9 aplic\u00e1vel? Entenda<\/a><\/p>\n\n\n\n<p><a href=\"https:\/\/www.youtube.com\/watch?v=gjz7wdJ5deM\">Entenda como Validar Sua Autodeclara\u00e7\u00e3o como Pessoa Negra no TJBA para o ENAM<\/a><\/p>\n\n\n\n<p><a href=\"https:\/\/www.youtube.com\/watch?v=weLqEFoKK0I\">Documenta\u00e7\u00e3o obrigat\u00f3ria: saiba se sua documenta\u00e7\u00e3o est\u00e1 adequada<\/a><\/p>\n\n\n\n<p><a href=\"https:\/\/www.youtube.com\/watch?v=Lx4dPgLjjQ0\">PJE \u2013 Publica\u00e7\u00e3o Autom\u00e1tica<\/a><\/p>\n\n\n\n<p><a href=\"https:\/\/www.youtube.com\/watch?v=txvXr3I-v-U\">CDONT \u2013 P\u00f3s-operat\u00f3rio<\/a><\/p>\n\n\n\n<p><a href=\"https:\/\/www.youtube.com\/watch?v=agXf5esfPj4\">Bicenten\u00e1rio do Constitucionalismo no Brasil<\/a><\/p>\n\n\n\n<p><a href=\"https:\/\/www.youtube.com\/watch?v=NdNljDpZU_4\">Bicenten\u00e1rio do Constitucionalismo no Brasil \u2013 Des. Lidivaldo Reaiche<\/a><\/p>\n\n\n\n<p><a href=\"https:\/\/www.youtube.com\/watch?v=p-416pscQkI\">Protocolo de Recurso Interno no PJe Segundo Grau<\/a><\/p>\n\n\n\n<p><a href=\"https:\/\/www.youtube.com\/watch?v=1h8NrWv7e7s\">PJe 2G \u2013 Recurso Interno \u2013 Secretarias e Gabinetes<\/a><\/p>\n\n\n\n<p><a href=\"https:\/\/www.youtube.com\/watch?v=InACVcgPMPI\">Programa de Forma\u00e7\u00e3o Inicial do Servidor do TJBA<\/a><\/p>\n\n\n\n<p><a href=\"https:\/\/www.youtube.com\/watch?v=JS8Lal7Ns2M\">Evolu\u00e7\u00e3o e Retifica\u00e7\u00e3o da Classe Processual PJE 1\u00ba Grau<\/a><\/p>\n\n\n\n<p><a href=\"https:\/\/www.youtube.com\/watch?v=Cw9OBDWjre0\">CDONT \u2013 P\u00f3s-operat\u00f3rio<\/a><\/p>\n\n\n\n<p><a href=\"https:\/\/www.youtube.com\/watch?v=sCDbJBwMuF4\">Campanha CIJ Dindo e Dinda<\/a><\/p>\n\n\n\n<p><a href=\"https:\/\/www.youtube.com\/watch?v=K4PtZI9RI7k\">Rob\u00f4 de Precedentes Qualificados<\/a><\/p>\n\n\n\n<p><a href=\"https:\/\/www.youtube.com\/watch?v=r4ImTDwJk-4\">Novo F\u00f3rum Comarca de Ilh\u00e9us<\/a><\/p>\n\n\n\n<p><a href=\"https:\/\/www.youtube.com\/watch?v=2exO-sWTZ6I\">Mapa de risco<\/a><\/p>\n\n\n\n<p><a href=\"https:\/\/www.youtube.com\/watch?v=lWpQAw6PUiA\">Desafio Est \u201cEdi\u00e7\u00e3o Innovation Camp\u201d \u2013 Depoimentos<\/a><\/p>\n\n\n\n<p><a href=\"https:\/\/www.youtube.com\/watch?v=kFzvGbExsOU\">SALAS PASSIVAS E PONTOS DE INCLUS\u00c3O DIGITAL. \u00c9 a Justi\u00e7a mais perto, mais acess\u00edvel, mais digital<\/a><\/p>\n\n\n\n<p><a href=\"https:\/\/www.youtube.com\/watch?v=ekhMItBrar0\">BALC\u00c3O VIRTUAL. Acesse servi\u00e7os do TJBA, sem sair de casa. Tudo com um atendimento \u00e1gil e pr\u00e1tico<\/a><\/p>\n\n\n\n<p><a href=\"https:\/\/www.youtube.com\/watch?v=PPTZ_4dMOB0\">CONECTA JUSTI\u00c7A TJBA. Mais acessibilidade digital ao seu alcance.<\/a><\/p>\n\n\n\n<p><a href=\"https:\/\/www.youtube.com\/watch?v=d3gpBi-F728\">Painel de Prioriza\u00e7\u00e3o de Processos<\/a><\/p>\n\n\n\n<p><a href=\"https:\/\/www.youtube.com\/watch?v=fUkYVlXg7wQ\">Linguagem Simples \u2013 Chatbot Lisi<\/a><\/p>\n\n\n\n<p><a href=\"https:\/\/www.youtube.com\/watch?v=JZ7FpYSLLVU\">PJe \u2013 Assinatura em lote de Ac\u00f3rd\u00e3os<\/a><\/p>\n\n\n\n<p><a href=\"https:\/\/www.youtube.com\/watch?v=kwKQhijcKp0\">Integra\u00e7\u00e3o do PJe 1G com o e Carta<\/a><\/p>\n\n\n\n<p><a href=\"https:\/\/www.youtube.com\/watch?v=mZ3l8PcJrN4\">Abertura da XIX Semana Nacional da Concilia\u00e7\u00e3o<\/a><\/p>\n\n\n\n<p><a href=\"https:\/\/www.youtube.com\/watch?v=vpkZBUdNRCQ\">Integra\u00e7\u00e3o PJe com e-Carta<\/a><\/p>\n\n\n\n<p><a href=\"https:\/\/www.youtube.com\/watch?v=DotZcOcbT3s\">Busque a Concilia\u00e7\u00e3o<\/a><\/p>\n\n\n\n<p><a href=\"https:\/\/www.youtube.com\/watch?v=8hUDQgpkN8I\">Como Acessar o Novo Editor de Texto<\/a><\/p>\n\n\n\n<p><a href=\"https:\/\/www.youtube.com\/watch?v=3O7PqU-W7jo\">Comparativo do Novo Editor de Texto com o Antigo<\/a><\/p>\n\n\n\n<p><a href=\"https:\/\/www.youtube.com\/watch?v=5vo0bB2wbmo\">1\u00aa Corrida do Judici\u00e1rio<\/a><\/p>\n\n\n\n<p><a href=\"https:\/\/www.youtube.com\/watch?v=hMvio_H67Q0\">Veja como \u00e9 f\u00e1cil resolver conflitos rapidamente no TJBA<\/a><\/p>\n\n\n\n<p><a href=\"https:\/\/www.youtube.com\/watch?v=pabuu6thgaU\">Busque a concilia\u00e7\u00e3o. Nada vale mais que a sua paz<\/a><\/p>\n\n\n\n<p><a href=\"https:\/\/www.youtube.com\/watch?v=Ql0mhmTgHP4\">Novo Editor<\/a><\/p>\n\n\n\n<p><a href=\"https:\/\/www.youtube.com\/watch?v=fqLndnCuxXQ\">PJe \u2013 V\u00eddeo Comparativo<\/a><\/p>\n\n\n\n<p><a href=\"https:\/\/www.youtube.com\/watch?v=dzI2W4QYev0\">Sistema GEAFIN<\/a><\/p>\n\n\n\n<p><a href=\"https:\/\/www.youtube.com\/watch?v=2vkV1C3JhA0\">Como Baixar e Utilizar o APP do GEAFIN<\/a><\/p>\n\n\n\n<p><a href=\"https:\/\/www.youtube.com\/watch?v=JamusmEo_Nc\">Pagamento do DAJE Via Pix<\/a><\/p>\n\n\n\n<p><a href=\"https:\/\/www.youtube.com\/watch?v=Qx8nWHSqnRU\">TJBA Mais Juri<\/a><\/p>\n\n<\/div>\n\t\t<\/div>\n\n<div class=\"wp-block-ub-content-toggle-accordion\" style=\"border-color: #f1f1f1; \" id=\"ub-content-toggle-panel-block-\">\n\t\t\t<div class=\"wp-block-ub-content-toggle-accordion-title-wrap\" style=\"background-color: #f1f1f1;\" aria-controls=\"ub-content-toggle-panel-3-b8562c68-57f8-4e8d-9ea9-7a03b5436906\" tabindex=\"0\">\n\t\t\t<p class=\"wp-block-ub-content-toggle-accordion-title ub-content-toggle-title-b8562c68-57f8-4e8d-9ea9-7a03b5436906\" style=\"color: #000000; \"><strong>2023<\/strong><\/p>\n\t\t\t<div class=\"wp-block-ub-content-toggle-accordion-toggle-wrap right\" style=\"color: #000000;\"><span class=\"wp-block-ub-content-toggle-accordion-state-indicator wp-block-ub-chevron-down\"><\/span><\/div>\n\t\t<\/div>\n\t\t\t<div role=\"region\" aria-expanded=\"false\" class=\"wp-block-ub-content-toggle-accordion-content-wrap ub-hide\" id=\"ub-content-toggle-panel-3-b8562c68-57f8-4e8d-9ea9-7a03b5436906\">\n\n<p><a href=\"https:\/\/youtu.be\/ZmJy5VgyOmM?si=p3JoAJy80j0dbB2l\" target=\"_blank\" rel=\"noreferrer noopener\">XVII Semana Nacional da Concilia\u00e7\u00e3o \u2013 Novo F\u00f3rum da Comarca de Cruz das Almas<\/a><\/p>\n\n\n\n<p><a href=\"https:\/\/youtu.be\/BM-kCD39xho?si=DxknGV-QTTeCmoUb\" target=\"_blank\" rel=\"noreferrer noopener\">Vin\u00edcius Guimar\u00e3es Nogueira \u2013 Comandante da Base A\u00e9rea de Salvador<\/a><\/p>\n\n\n\n<p><a href=\"https:\/\/youtu.be\/QQDw7D3Wo0w?si=cmgUeNUUzK7beGtA\" target=\"_blank\" rel=\"noreferrer noopener\">Comemora\u00e7\u00e3o \u2013 150 Anos de Santos Dumont<\/a><\/p>\n\n\n\n<p><a href=\"https:\/\/youtu.be\/WY5u0CDHIxo?si=WX_kCEKbKv9YtRXc\" target=\"_blank\" rel=\"noreferrer noopener\">Cassio Jos\u00e9 Barbosa Miranda \u2013 Presidente da Comiss\u00e3o de Mem\u00f3ria do TJBA<\/a><\/p>\n\n\n\n<p><a href=\"https:\/\/youtu.be\/KZmwUNhCHbc?si=6DDVG6wrGsrtzHwN\" target=\"_blank\" rel=\"noreferrer noopener\">Joaci G\u00f3es \u2013 Presidente do IGHB<\/a><\/p>\n\n\n\n<p><a href=\"https:\/\/youtu.be\/iQVePn-iGrw?si=CIJ7UN-rYFgyIO5Q\" target=\"_blank\" rel=\"noreferrer noopener\">Prof. Rafael Dantas \u2013 Historiador Associado do IGHB<\/a><\/p>\n\n\n\n<p><a href=\"https:\/\/youtu.be\/OMOUOUN4yhI?si=guLVaKpu3TwTEgmH\" target=\"_blank\" rel=\"noreferrer noopener\">Manual de Atendimento a Pessoas com TEA \u2013 TJBA<\/a><\/p>\n\n\n\n<p><a href=\"https:\/\/youtu.be\/U_9UBS1MsNw?si=nnObIyi6StMRmSfT\" target=\"_blank\" rel=\"noreferrer noopener\">Manual de Atendimento a Pessoas com TEA \u2013 CNJ<\/a><\/p>\n\n\n\n<p><a href=\"https:\/\/youtu.be\/NYnc6V8cw6g?si=PaIff1-lm9nfVqzU\" target=\"_blank\" rel=\"noreferrer noopener\">1 Ano de Gest\u00e3o \u2013 2\u00aa Vice Presid\u00eancia<\/a><\/p>\n\n\n\n<p><a href=\"https:\/\/youtu.be\/dFyAIrwbOh0?si=u7ydMbohI3sgoIT3\" target=\"_blank\" rel=\"noreferrer noopener\">Balan\u00e7o do Semin\u00e1rio \u2013 A Prova T\u00e9cnica Complexa e a Compet\u00eancia dos Juizados Especiais C\u00edveis<\/a><\/p>\n\n\n\n<p><a href=\"https:\/\/youtu.be\/FdI8ichz5I4?si=hmnPL9PWJRZDMUZH\" target=\"_blank\" rel=\"noreferrer noopener\">Abelardo da Matta \u2013 Membro Titular do TRE-Ba<\/a><\/p>\n\n\n\n<p><a href=\"https:\/\/youtu.be\/QMEmAS5Ar14?si=_JY7B13Snge0Esir\" target=\"_blank\" rel=\"noreferrer noopener\">Rosalvo Augusto Vieira da Silva \u2013 Juiz de Direito<\/a><\/p>\n\n\n\n<p><a href=\"https:\/\/youtu.be\/8I2ExwSaP5Q?si=L5bBckRD50vhY-MJ\" target=\"_blank\" rel=\"noreferrer noopener\">Alexandre Flexa \u2013 Advogado e Professor da Emerj<\/a><\/p>\n\n\n\n<p><a href=\"https:\/\/youtu.be\/cnAcAEzd0Ck?si=9wm_Uyf7fzfYH5Wm\" target=\"_blank\" rel=\"noreferrer noopener\">Juiz Alexandre Chini Neto \u2013 Ex-Presidente da Fonaje<\/a><\/p>\n\n\n\n<p><a href=\"https:\/\/youtu.be\/zq0FKkRj0yk?si=XYGsvn47Rs3HaHBs\" target=\"_blank\" rel=\"noreferrer noopener\">Ant\u00f4nio Saldanha Palheiro \u2013 Ministro do STJ<\/a><\/p>\n\n\n\n<p><a href=\"https:\/\/youtu.be\/CMsYXHqY8RA?si=ri0NirPDfH1ASBud\" target=\"_blank\" rel=\"noreferrer noopener\">Fecom\u00e9rcio \u2013 Assinatura de Conv\u00eanio \u2013 Des. Nilson Castelo Branco \u2013 Presidente do PJBA<\/a><\/p>\n\n\n\n<p><a href=\"https:\/\/youtu.be\/GPIOClqSsw4?si=AeWISTF4OSxtUPD-\" target=\"_blank\" rel=\"noreferrer noopener\">Fecom\u00e9rcio \u2013 Assinatura de Conv\u00eanio \u2013 Desa. Lisbete Maria Teixeira Almeida C\u00e9zar Santos<\/a><\/p>\n\n\n\n<p><a href=\"https:\/\/youtu.be\/7e0FgLzP9ew?si=KLJYGzRxpQQjRwG0\" target=\"_blank\" rel=\"noreferrer noopener\">Fecom\u00e9rcio \u2013 Assinatura de Conv\u00eanio \u2013 Kelsor Gon\u00e7alves Fernandes \u2013 Presidente da Fecom\u00e9rcio-Ba<\/a><\/p>\n\n\n\n<p><a href=\"https:\/\/youtu.be\/twlIFZJcEzg?si=FofwKbT_Dq0WF4f8\" target=\"_blank\" rel=\"noreferrer noopener\">Balan\u00e7o e Relat\u00f3rio da CAPG<\/a><\/p>\n\n\n\n<p><a href=\"https:\/\/youtu.be\/VXaqEw4qQxc?si=RBT_Ek4TnqhDJEkp\" target=\"_blank\" rel=\"noreferrer noopener\">Col\u00e9gio Ruy Barbosa em Vars\u00f3via \u2013 Pol\u00f4nia<\/a><\/p>\n\n\n\n<p><a href=\"https:\/\/youtu.be\/nDKVz0FDK5g?si=EWDIUjLQ1tPuXk-F\" target=\"_blank\" rel=\"noreferrer noopener\">Geder \u00e9 Empossado Membro Efetivo do Comit\u00ea da ONU \u2013 ILANUD Entrevistas 3<\/a><\/p>\n\n\n\n<p><a href=\"https:\/\/youtu.be\/_9DjzsJC0tI?si=ya6XlW4dS9Q3c8Nq\" target=\"_blank\" rel=\"noreferrer noopener\">Vinicius Guimar\u00e3es Nogueira \u2013 Comandante da Base A\u00e9rea de Salvador<\/a><\/p>\n\n\n\n<p><a href=\"https:\/\/youtu.be\/LyUXbYDzYFI?si=24EYfww43JU1jlpV\" target=\"_blank\" rel=\"noreferrer noopener\">Geder \u00e9 Empossado Membro Efetivo do Comit\u00ea da ONU \u2013 ILANUD Entrevistas 2<\/a><\/p>\n\n\n\n<p><a href=\"https:\/\/youtu.be\/NmsCkIFWTRA?si=Immm-mRL0Wb-rgo4\" target=\"_blank\" rel=\"noreferrer noopener\">Geder \u00e9 Empossado Membro Efetivo do Comit\u00ea da ONU \u2013 ILANUD Entrevistas 1<\/a><\/p>\n\n\n\n<p><a href=\"https:\/\/youtu.be\/x4kfVNCfIEM?si=L2lY7sGEWFdeDpdZ\" target=\"_blank\" rel=\"noreferrer noopener\">Lidivaldo Reaiche \u2013 Presidente da Comiss\u00e3o do Centen\u00e1rio de Morte de Ruy<\/a><\/p>\n\n\n\n<p><a href=\"https:\/\/youtu.be\/fYTlTqk8Iac?si=aFpz1XYx9JI00dyk\" target=\"_blank\" rel=\"noreferrer noopener\">Nilson Soares Castelo Branco Presidente do PJBA \u2013 Centen\u00e1rio de Morte de Ruy Barbosa<\/a><\/p>\n\n\n\n<p><a href=\"https:\/\/youtu.be\/QO5yO9RABL8?si=s1n6DzWx9vVS9CCP\" target=\"_blank\" rel=\"noreferrer noopener\">Gabriel Ruy Barbosa \u2013 Tetraneto de Ruy Barbosa<\/a><\/p>\n\n\n\n<p><a href=\"https:\/\/youtu.be\/8jMRShhIi9g?si=KU0Ksw3uc8huL61v\" target=\"_blank\" rel=\"noreferrer noopener\">Cejusc Virtual<\/a><\/p>\n\n\n\n<p><a href=\"https:\/\/youtu.be\/0fdQ0HXxzOs?si=QGzvn_9s4Tn78Ls6\" target=\"_blank\" rel=\"noreferrer noopener\">Cejusc Virtual<\/a><\/p>\n\n\n\n<p><a href=\"https:\/\/youtu.be\/rDV4hBP-_Ts?si=jZdGNLYFdkjytO9P\" target=\"_blank\" rel=\"noreferrer noopener\">1 Ano de Gest\u00e3o da Presid\u00eancia do PJBA<\/a><\/p>\n\n\n\n<p><a href=\"https:\/\/youtu.be\/h5hnJ4wX6Yg?si=7xbbxHhhiAhZiluI\" target=\"_blank\" rel=\"noreferrer noopener\">Adolfo Menezes \u2013 Presidente da ALBA<\/a><\/p>\n\n\n\n<p><a href=\"https:\/\/youtu.be\/mRJnbOGhaHo?si=T01Hz-j0gLbmgK1W\" target=\"_blank\" rel=\"noreferrer noopener\">Carnaval de Salvador 2023 \u2013 N\u00e3o \u00e9 N\u00e3o \u2013 Desa. N\u00e1gila Brito<\/a><\/p>\n\n\n\n<p><a href=\"https:\/\/youtu.be\/RweFYItorEY?si=tOBk2QAsHklqYkvL\" target=\"_blank\" rel=\"noreferrer noopener\">Dicas para as Mulheres no Carnaval de Salvador \u2013 Desa. N\u00e1gila Brito<\/a><\/p>\n\n\n\n<p><a href=\"https:\/\/youtu.be\/9Cw_SMLPxcE?si=ditdhPSDOK3-dGoQ\" target=\"_blank\" rel=\"noreferrer noopener\">Instala\u00e7\u00e3o da 1\u00aa Vara da Fazenda P\u00fablica e Inaugura\u00e7\u00e3o da Sala Passiva de Paulo Afonso-Ba<\/a><\/p>\n\n\n\n<p><a href=\"https:\/\/youtu.be\/PFww0SbAUZA?si=nSNjAyebXTXC5pXy\" target=\"_blank\" rel=\"noreferrer noopener\">J\u00falio Travessa \u2013 Novo Presidente da AMAB<\/a><\/p>\n\n\n\n<p><a href=\"https:\/\/youtu.be\/6XKNylZPhAw?si=vXWujYvwQH4yhGAn\" target=\"_blank\" rel=\"noreferrer noopener\">Nartir Dantas Weber \u2013 Ju\u00edza do PJBA<\/a><\/p>\n\n\n\n<p><a href=\"https:\/\/youtu.be\/RfjTZaG0iIk?si=QV5AWM0ruJfJTky_\" target=\"_blank\" rel=\"noreferrer noopener\">Conselheiro Mario Maia<\/a><\/p>\n\n\n\n<p><a href=\"https:\/\/youtu.be\/I0sddCbS1iA?si=PUKQjjhgwYs1NLSS\" target=\"_blank\" rel=\"noreferrer noopener\">Promo\u00e7\u00e3o de Carreira \u2013 Integrantes do GSI<\/a><\/p>\n\n\n\n<p><a href=\"https:\/\/youtu.be\/kLZguEyrtMc?si=6S0RpAAjCdOGO2tF\" target=\"_blank\" rel=\"noreferrer noopener\">Major Dalmo Oliveira de Santana<\/a><\/p>\n\n\n\n<p><a href=\"https:\/\/youtu.be\/uVSKwc_Yl_s?si=G7Day5CvEjfE0ont\" target=\"_blank\" rel=\"noreferrer noopener\">Subtenente C\u00e1ssia Barreto de Souza Pedreira<\/a><\/p>\n\n\n\n<p><a href=\"https:\/\/youtu.be\/0DwS9nj_9Qg?si=_OqgGlp7TircRaDU\" target=\"_blank\" rel=\"noreferrer noopener\">Cejusc Virtual<\/a><\/p>\n\n\n\n<p><a href=\"https:\/\/youtu.be\/rDV4hBP-_Ts\" target=\"_blank\" rel=\"noreferrer noopener\">1 Ano de Gest\u00e3o da Presid\u00eancia do PJBA<\/a><\/p>\n\n\n\n<p><a href=\"https:\/\/youtu.be\/h5hnJ4wX6Yg\" target=\"_blank\" rel=\"noreferrer noopener\">Carnaval de Salvador 2023 \u2013 N\u00e3o \u00e9 N\u00e3o \u2013 Desa. N\u00e1gila Brito<\/a><\/p>\n\n\n\n<p><a href=\"https:\/\/youtu.be\/RweFYItorEY\" target=\"_blank\" rel=\"noreferrer noopener\">Instala\u00e7\u00e3o da 1\u00aa Vara da Fazenda P\u00fablica e Inaugura\u00e7\u00e3o da Sala Passiva de Paulo Afonso-Ba<\/a><\/p>\n\n\n\n<p><a href=\"https:\/\/youtu.be\/PFww0SbAUZA\" target=\"_blank\" rel=\"noreferrer noopener\">Promo\u00e7\u00e3o de Carreira \u2013 Integrantes do GSI<\/a><\/p>\n\n\n\n<p><a href=\"https:\/\/youtu.be\/kLZguEyrtMc\" target=\"_blank\" rel=\"noreferrer noopener\">Promo\u00e7\u00e3o de Carreira \u2013 Integrantes do GSI<\/a><\/p>\n\n<\/div>\n\t\t<\/div>\n\n<div class=\"wp-block-ub-content-toggle-accordion\" style=\"border-color: #f1f1f1; \" id=\"ub-content-toggle-panel-block-\">\n\t\t\t<div class=\"wp-block-ub-content-toggle-accordion-title-wrap\" style=\"background-color: #f1f1f1;\" aria-controls=\"ub-content-toggle-panel-4-b8562c68-57f8-4e8d-9ea9-7a03b5436906\" tabindex=\"0\">\n\t\t\t<p class=\"wp-block-ub-content-toggle-accordion-title ub-content-toggle-title-b8562c68-57f8-4e8d-9ea9-7a03b5436906\" style=\"color: #000000; \"><strong>2022<\/strong><\/p>\n\t\t\t<div class=\"wp-block-ub-content-toggle-accordion-toggle-wrap right\" style=\"color: #000000;\"><span class=\"wp-block-ub-content-toggle-accordion-state-indicator wp-block-ub-chevron-down\"><\/span><\/div>\n\t\t<\/div>\n\t\t\t<div role=\"region\" aria-expanded=\"false\" class=\"wp-block-ub-content-toggle-accordion-content-wrap ub-hide\" id=\"ub-content-toggle-panel-4-b8562c68-57f8-4e8d-9ea9-7a03b5436906\">\n\n<p><a href=\"https:\/\/youtu.be\/8dolXLp8K7s\" target=\"_blank\" rel=\"noreferrer noopener\">Posse Novos Desembargadores do PJBA<\/a><\/p>\n\n\n\n<p><a href=\"https:\/\/youtu.be\/oFYwJHjX5wU\" target=\"_blank\" rel=\"noreferrer noopener\">Instala\u00e7\u00e3o da 4\u00aa Vara de Fam\u00edlia, Sucess\u00f5es, \u00d3rf\u00e3os e Interditos e Sala Passiva \u2013 Feira de Santana<\/a><\/p>\n\n\n\n<p><a href=\"https:\/\/youtu.be\/vLdvEPk5Pq4\" target=\"_blank\" rel=\"noreferrer noopener\">Novo F\u00f3rum da Comarca de Cruz das Almas<\/a><\/p>\n\n\n\n<p><a href=\"https:\/\/youtu.be\/9E-I1h44nc8\" target=\"_blank\" rel=\"noreferrer noopener\">Medalha do M\u00e9rito Tamandar\u00e9 \u2013 Des. Nilson Castelo Branco<\/a><\/p>\n\n\n\n<p><a href=\"https:\/\/youtu.be\/aAB2Tr_JSI0\" target=\"_blank\" rel=\"noreferrer noopener\">COPEDEM \u2013 TJBA<\/a><\/p>\n\n<\/div>\n\t\t<\/div>\n<\/div>\n\n\n<hr class=\"wp-block-separator has-alpha-channel-opacity\"\/>\n\n\n<div class=\"wp-block-ub-content-toggle wp-block-ub-content-toggle-block\" id=\"ub-content-toggle-block-3d19f22b-11f1-4243-845b-63b0d11d4574\" data-mobilecollapse=\"false\" data-desktopcollapse=\"true\" data-preventcollapse=\"false\" data-showonlyone=\"true\">\n<div class=\"wp-block-ub-content-toggle-accordion\" style=\"border-color: #f1f1f1; \" id=\"ub-content-toggle-panel-block-\">\n\t\t\t<div class=\"wp-block-ub-content-toggle-accordion-title-wrap\" style=\"background-color: #f1f1f1;\" aria-controls=\"ub-content-toggle-panel-0-3d19f22b-11f1-4243-845b-63b0d11d4574\" tabindex=\"0\">\n\t\t\t<p class=\"wp-block-ub-content-toggle-accordion-title ub-content-toggle-title-3d19f22b-11f1-4243-845b-63b0d11d4574\" style=\"color: #000000; \"><strong>Outros materiais<\/strong><\/p>\n\t\t\t<div class=\"wp-block-ub-content-toggle-accordion-toggle-wrap right\" style=\"color: #000000;\"><span class=\"wp-block-ub-content-toggle-accordion-state-indicator wp-block-ub-chevron-down\"><\/span><\/div>\n\t\t<\/div>\n\t\t\t<div role=\"region\" aria-expanded=\"false\" class=\"wp-block-ub-content-toggle-accordion-content-wrap ub-hide\" id=\"ub-content-toggle-panel-0-3d19f22b-11f1-4243-845b-63b0d11d4574\">\n\n<p><a href=\"https:\/\/www.youtube.com\/watch?v=nuVlBNEokKU\">Justi\u00e7a pela Paz em Casa<\/a><\/p>\n\n\n\n<p><a href=\"https:\/\/www.youtube.com\/watch?v=lkqh7b-nZAs\">Retoques Gramaticais<\/a><\/p>\n\n\n\n<p><a href=\"https:\/\/youtu.be\/KZWjd4kEsgs\">Jo\u00e3o Eudes \u2013 Comiss\u00e3o de Acessibilidade<\/a><\/p>\n\n\n\n<p><a href=\"https:\/\/youtu.be\/GOpELdaDh2k\">Inaugura\u00e7\u00e3o C-DONT<\/a><\/p>\n\n\n\n<p><a href=\"https:\/\/youtu.be\/uqoJuKHctE0\">COJE \u2013 Homenagem m\u00eas das m\u00e3es<\/a><\/p>\n\n\n\n<p><a href=\"https:\/\/youtu.be\/ksaINiTMIrQ\">Norma Ang\u00e9lica \u2013 Procuradora Geral de Justi\u00e7a<\/a><\/p>\n\n\n\n<p><a href=\"https:\/\/youtu.be\/x4eQ47bkrI0\">Renata Gil \u2013 Presidente da AMB<\/a><\/p>\n\n\n\n<p><a href=\"https:\/\/youtu.be\/bpYh2x7yL80\">Juiz Rilton Goes \u2013 Comiss\u00e3o de Acessibilidade<\/a><\/p>\n\n\n\n<p><a href=\"https:\/\/youtu.be\/8qnw_qi2MJo\">Abuso Sexual Infantil<\/a><\/p>\n\n\n\n<p><a href=\"https:\/\/youtu.be\/E1Z29hrkQVo\">Apresenta\u00e7\u00e3o Sistema Informatizado NUGEP<\/a><\/p>\n\n\n\n<p><a href=\"https:\/\/youtu.be\/ziVhYBtOguQ\">Homenagem Dia do Magistrado \u2013 Juiz Freddy Pitta<\/a><\/p>\n\n\n\n<p><a href=\"https:\/\/youtu.be\/CR4YsqBM4MY\">Homenagem Dia do Magistrado \u2013 Juiz Yago Daltro Ferraro Almeida<\/a><\/p>\n\n\n\n<p><a href=\"https:\/\/youtu.be\/pxUS26rU_K0\">Homenagem Dia do Magistrado \u2013 Ju\u00edza Ant\u00f4nia Marina Aparecida de Paula Faleiros<\/a><\/p>\n\n\n\n<p><a href=\"https:\/\/youtu.be\/e0R6YG_gqeg\">Assistente Virtual \u2013 COJE \u2013 Intelig\u00eancia Artificial<\/a><\/p>\n\n\n\n<p><a href=\"https:\/\/youtu.be\/ccoOD0RYDA0\" target=\"_blank\" rel=\"noreferrer noopener\">Reinaugura\u00e7\u00e3o do F\u00f3rum Ministro Aliomar Baleeiro \u2013 Caravelas-BA<\/a><\/p>\n\n\n\n<p><a href=\"https:\/\/youtu.be\/WT5yY7RpEg0\" target=\"_blank\" rel=\"noreferrer noopener\">Revista Entre Aspas<\/a><\/p>\n\n\n\n<p><a href=\"https:\/\/youtu.be\/zP87_fZTsUo\" target=\"_blank\" rel=\"noreferrer noopener\">2\u00aa Vara de Viol\u00eancia Dom\u00e9stica<\/a><\/p>\n\n\n\n<p><a href=\"https:\/\/youtu.be\/TFxY32SpCqc\" target=\"_blank\" rel=\"noreferrer noopener\">Tribunal do J\u00fari \u2013 Ju\u00edza Gelzi Maria Almeida Souza<\/a><\/p>\n\n\n\n<p><a href=\"https:\/\/youtu.be\/Rwu0YAAOa1o\" target=\"_blank\" rel=\"noreferrer noopener\">CEJUSC \u2013 Formosa do Rio Preto<\/a><\/p>\n\n\n\n<p><a href=\"https:\/\/youtu.be\/qhwsAH7mWl4\" target=\"_blank\" rel=\"noreferrer noopener\">Inaugura\u00e7\u00e3o da Nova Sede da UNICORP<\/a><\/p>\n\n\n\n<p><a href=\"https:\/\/youtu.be\/wUtK9XtBWP0\" target=\"_blank\" rel=\"noreferrer noopener\">Inaugura\u00e7\u00e3o Comarca de Paulo Afonso-BA<\/a><\/p>\n\n\n\n<p><a href=\"https:\/\/youtu.be\/TRqbjBjq0hI\" target=\"_blank\" rel=\"noreferrer noopener\">Inaugura\u00e7\u00f5es e Visitas \u2013 Comarcas do Oeste da Bahia<\/a><\/p>\n\n\n\n<p><a href=\"https:\/\/youtu.be\/F8hYZ9-EjAw\" target=\"_blank\" rel=\"noreferrer noopener\">Programa \u2013 Jovem Talento<\/a><\/p>\n\n\n\n<p><a href=\"https:\/\/youtu.be\/Y7W6TiK_6FM\" target=\"_blank\" rel=\"noreferrer noopener\">F\u00f3rum Sinfr\u00f4nio Martins \u2013 Encruzilhada\/BA<\/a><\/p>\n\n\n\n<p><a href=\"https:\/\/youtu.be\/gkT8Qhyg2nM\" target=\"_blank\" rel=\"noreferrer noopener\">Setembro Amarelo<\/a><\/p>\n\n\n\n<p><a href=\"https:\/\/youtu.be\/5xrT7KYaruU\" target=\"_blank\" rel=\"noreferrer noopener\">Cart\u00f3rio Integrado \u2013 Vit\u00f3ria da Conquista\/BA<\/a><\/p>\n\n\n\n<p><a href=\"https:\/\/youtu.be\/JApImMgWNdo\" target=\"_blank\" rel=\"noreferrer noopener\">Inaugura\u00e7\u00e3o CEJUSC \u2013 Paramirim\/BA<\/a><\/p>\n\n\n\n<p><a href=\"https:\/\/youtu.be\/u014HsQPX0o\" target=\"_blank\" rel=\"noreferrer noopener\">Projeto \u2013 Enfim Casados<\/a><\/p>\n\n\n\n<p><a href=\"https:\/\/youtu.be\/6OhCs1K-CGU\" target=\"_blank\" rel=\"noreferrer noopener\">Outubro Rosa \u2013 Funda\u00e7\u00e3o Jos\u00e9 Silveira \u2013 2021<\/a><\/p>\n\n\n\n<p><a href=\"https:\/\/youtu.be\/Crq-fr2vC0k\" target=\"_blank\" rel=\"noreferrer noopener\">Impactos Ambientais na Bahia de Todos os Santos<\/a><\/p>\n\n\n\n<p><a href=\"https:\/\/youtu.be\/MgSEtWDd-gs\" target=\"_blank\" rel=\"noreferrer noopener\">N\u00facleo de Precat\u00f3rios \u2013 2021<\/a><\/p>\n\n\n\n<p><a href=\"https:\/\/youtu.be\/TFwgpH99mZ4\" target=\"_blank\" rel=\"noreferrer noopener\">Lu\u00eds Augusto Bahiense Cardoso \u2013 Secret\u00e1rio de Tecnologia da Informa\u00e7\u00e3o e Moderniza\u00e7\u00e3o do PJBA<\/a><\/p>\n\n\n\n<p><a href=\"https:\/\/youtu.be\/wmtaNuaf2Zs\" target=\"_blank\" rel=\"noreferrer noopener\">Valter Shuenquener de Ara\u00fajo \u2013 Secret\u00e1rio Geral do CNJ<\/a><\/p>\n\n\n\n<p><a href=\"https:\/\/youtu.be\/Ks4vPdUR9CE\" target=\"_blank\" rel=\"noreferrer noopener\">Marcus Livio Gomes \u2013 Secret\u00e1rio Especial de Programas, Pesquisas e Gest\u00e3o Estrat\u00e9gica do CNJ<\/a><\/p>\n\n\n\n<p><a href=\"https:\/\/youtu.be\/Q6O5YGsC2rM\" target=\"_blank\" rel=\"noreferrer noopener\">Fabiana Pellegrino \u2013 Ju\u00edza Coordenadora dos Juizados Especiais do PJBA<\/a><\/p>\n\n\n\n<p><a href=\"https:\/\/youtu.be\/ucdwadgF-k8\" target=\"_blank\" rel=\"noreferrer noopener\">Semana do Servidor \u2013 Jana\u00edna Barreto<\/a><\/p>\n\n\n\n<p><a href=\"https:\/\/youtu.be\/wWkWXVbGrbw\" target=\"_blank\" rel=\"noreferrer noopener\">Largada Virtual \u2013 Caminhada e Corrida da Justi\u00e7a<\/a><\/p>\n\n\n\n<p><a href=\"https:\/\/youtu.be\/LDNn9eD3Nlc\" target=\"_blank\" rel=\"noreferrer noopener\">Laborat\u00f3rio de Portugu\u00eas Jur\u00eddico<\/a><\/p>\n\n\n\n<p><a href=\"https:\/\/youtu.be\/gUdgLFy3_CU\" target=\"_blank\" rel=\"noreferrer noopener\">Sala de Fisioterapia do F\u00f3rum Ruy Barbosa<\/a><\/p>\n\n\n\n<p><a href=\"https:\/\/youtu.be\/5X1Q_uIqdFU\" target=\"_blank\" rel=\"noreferrer noopener\">Casamento Coletivo<\/a><\/p>\n\n\n\n<p><a href=\"https:\/\/youtu.be\/KMWmO1HRkWw\" target=\"_blank\" rel=\"noreferrer noopener\">Visita, Reinaugura\u00e7\u00e3o e Instala\u00e7\u00f5es no Sudoeste da Bahia<\/a><\/p>\n\n\n\n<p><a href=\"https:\/\/youtu.be\/FkUpzarxAIQ\" target=\"_blank\" rel=\"noreferrer noopener\">Posse Des. S\u00e9rgio Cafezeiro \u2013 Juiz Substituto do TRE-BA<\/a><\/p>\n\n\n\n<p><a href=\"https:\/\/youtu.be\/lDtq3goS0MI\" target=\"_blank\" rel=\"noreferrer noopener\">F\u00f3rum Porto Seguro \u2013 BA \u2013 Combate a Inc\u00eandio<\/a><\/p>\n\n\n\n<p><a href=\"https:\/\/youtu.be\/WngObt6R6hY\" target=\"_blank\" rel=\"noreferrer noopener\">Horta \u2013 F\u00f3rum do Imbu\u00ed<\/a><\/p>\n\n\n\n<p><a href=\"https:\/\/youtu.be\/mTExEpq_PA0\" target=\"_blank\" rel=\"noreferrer noopener\">Minuto PJE \u2013 Retificar Autua\u00e7\u00e3o \u2013 Compet\u00eancia<\/a><\/p>\n\n\n\n<p><a href=\"https:\/\/youtu.be\/_RVRGt_B3iU\" target=\"_blank\" rel=\"noreferrer noopener\">Minuto PJE \u2013 Cria\u00e7\u00e3o de Etiquetas Dentro das Tarefas<\/a><\/p>\n\n\n\n<p><a href=\"https:\/\/youtu.be\/tgEf_OnB52w\" target=\"_blank\" rel=\"noreferrer noopener\">Minuto PJE \u2013 Tarefa Redistribuir Processo<\/a><\/p>\n\n\n\n<p><a href=\"https:\/\/youtu.be\/XjMrH8179nE\" target=\"_blank\" rel=\"noreferrer noopener\">Minuto PJE \u2013 Redistribui\u00e7\u00e3o de Processo<\/a><\/p>\n\n\n\n<p><a href=\"https:\/\/youtu.be\/a5BFcot1oas\" target=\"_blank\" rel=\"noreferrer noopener\">Minuto PJE \u2013 Formas de Acesso<\/a><\/p>\n\n\n\n<p><a href=\"https:\/\/youtu.be\/_-lmwrFnJDc\" target=\"_blank\" rel=\"noreferrer noopener\">Minuto PJE \u2013 TPU Classe e Assunto<\/a><\/p>\n\n\n\n<p><a href=\"https:\/\/youtu.be\/vHBPJ6KWaXI\" target=\"_blank\" rel=\"noreferrer noopener\">Minuto PJE \u2013 TPU Classe e Assunto Descontinuado<\/a><\/p>\n\n\n\n<p><a href=\"https:\/\/youtu.be\/1WIn_g9VgPc\" target=\"_blank\" rel=\"noreferrer noopener\">Minuto PJE \u2013 Verifica\u00e7\u00e3o de Ambiente<\/a><\/p>\n\n\n\n<p><a href=\"https:\/\/youtu.be\/6mWDr4YarBg\" target=\"_blank\" rel=\"noreferrer noopener\">Minuto PJE \u2013 Portal de Informa\u00e7\u00f5es<\/a><\/p>\n\n\n\n<p><a href=\"https:\/\/youtu.be\/GYGWqj4mW80\" target=\"_blank\" rel=\"noreferrer noopener\">Minuto PJE \u2013 Acesso ao Sistema<\/a><\/p>\n\n\n\n<p><a href=\"https:\/\/youtu.be\/GBlvZpY8Kb4\" target=\"_blank\" rel=\"noreferrer noopener\">Minuto PJe \u2013 Exclus\u00e3o de Documentos<\/a><\/p>\n\n\n\n<p><a href=\"https:\/\/youtu.be\/Ncu82KsnlvI\" target=\"_blank\" rel=\"noreferrer noopener\">Minuto PJe \u2013 Modelo de Documento<\/a><\/p>\n\n\n\n<p><a href=\"https:\/\/youtu.be\/VaEUOTXW1iM\" target=\"_blank\" rel=\"noreferrer noopener\">Minuto PJe \u2013 Retifica\u00e7\u00e3o \u2013 Cadastro de Partes<\/a><\/p>\n\n\n\n<p><a href=\"https:\/\/youtu.be\/HolQeJTUjNQ\" target=\"_blank\" rel=\"noreferrer noopener\">Minuto PJe \u2013 Edi\u00e7\u00e3o de Modelo<\/a><\/p>\n\n<\/div>\n\t\t<\/div>\n<\/div>","protected":false},"excerpt":{"rendered":"<p>O que significa legenda? \u00c9 a informa\u00e7\u00e3o escrita que comenta ou ajuda a compreender, identificar ou interpretar uma imagem. Termo [&hellip;]<\/p>\n","protected":false},"author":16,"featured_media":0,"parent":0,"menu_order":0,"comment_status":"closed","ping_status":"closed","template":"","meta":{"_acf_changed":false,"_editorskit_title_hidden":false,"_editorskit_reading_time":0,"_editorskit_is_block_options_detached":false,"_editorskit_block_options_position":"{}","footnotes":""},"class_list":["post-730","page","type-page","status-publish","hentry"],"acf":[],"featured_image_src":null,"_links":{"self":[{"href":"https:\/\/www.tjba.jus.br\/portaldeacessibilidade\/wp-json\/wp\/v2\/pages\/730","targetHints":{"allow":["GET"]}}],"collection":[{"href":"https:\/\/www.tjba.jus.br\/portaldeacessibilidade\/wp-json\/wp\/v2\/pages"}],"about":[{"href":"https:\/\/www.tjba.jus.br\/portaldeacessibilidade\/wp-json\/wp\/v2\/types\/page"}],"author":[{"embeddable":true,"href":"https:\/\/www.tjba.jus.br\/portaldeacessibilidade\/wp-json\/wp\/v2\/users\/16"}],"replies":[{"embeddable":true,"href":"https:\/\/www.tjba.jus.br\/portaldeacessibilidade\/wp-json\/wp\/v2\/comments?post=730"}],"version-history":[{"count":9,"href":"https:\/\/www.tjba.jus.br\/portaldeacessibilidade\/wp-json\/wp\/v2\/pages\/730\/revisions"}],"predecessor-version":[{"id":974,"href":"https:\/\/www.tjba.jus.br\/portaldeacessibilidade\/wp-json\/wp\/v2\/pages\/730\/revisions\/974"}],"wp:attachment":[{"href":"https:\/\/www.tjba.jus.br\/portaldeacessibilidade\/wp-json\/wp\/v2\/media?parent=730"}],"curies":[{"name":"wp","href":"https:\/\/api.w.org\/{rel}","templated":true}]}}