{"id":5883,"date":"2021-03-29T09:52:03","date_gmt":"2021-03-29T12:52:03","guid":{"rendered":"https:\/\/www.tjba.jus.br\/segundavice\/?page_id=5883"},"modified":"2021-03-29T09:52:03","modified_gmt":"2021-03-29T12:52:03","slug":"2o-vice-representa-do-pjba-em-cerimonia-de-outorga-da-medalha-do-merito-eleitoral-com-palma-ao-desembargador-edmilson-jatahy-fonseca-junior","status":"publish","type":"page","link":"https:\/\/www.tjba.jus.br\/segundavice\/2o-vice-representa-do-pjba-em-cerimonia-de-outorga-da-medalha-do-merito-eleitoral-com-palma-ao-desembargador-edmilson-jatahy-fonseca-junior\/","title":{"rendered":"2\u00ba Vice representa do PJBA em Cerim\u00f4nia de Outorga da Medalha do m\u00e9rito Eleitoral, com Palma, ao Desembargador Edmilson Jatahy Fonseca J\u00fanior"},"content":{"rendered":"<p class=\"western\" align=\"JUSTIFY\"><span style=\"font-family: Arial, sans-serif;\"><span style=\"font-size: medium;\"><span style=\"color: #353535;\">O Desembargador Augusto de Lima Bispo, por delega\u00e7\u00e3o do Presidente do PJBA, Desembargador Lourival Almeida Trindade, representou o Tribunal de Justi\u00e7a do Estado da Bahia na Cerim\u00f4nia de Outorga da Medalha do m\u00e9rito Eleitoral, <\/span><span style=\"color: #000000;\">com Palma, ao Desembargador Edmilson Jatahy Fonseca J\u00fanior.<\/span> <\/span><\/span><\/p>\n<p class=\"western\" align=\"JUSTIFY\"><span style=\"font-family: Arial, sans-serif;\"><span style=\"font-size: medium;\"><span style=\"color: #353535;\">O desembargador Jatahy J\u00fanior despediu-se da presid\u00eancia do Tribunal Regional Eleitoral da Bahia (TRE-BA) nesta sexta-feira (26\/3), ap\u00f3s dois anos \u00e0 frente do Regional baiano. <\/span><\/span><\/span><\/p>\n<p class=\"western\" align=\"JUSTIFY\"><span style=\"font-family: Arial, sans-serif;\"><span style=\"font-size: medium;\"><span style=\"color: #353535;\">Com a despedida do desembargador Jatahy da presid\u00eancia do Eleitoral, assume o cargo interinamente o corregedor e vice-presidente, desembargador Roberto Maynard Frank. \u201cTenho certeza que o trabalho apresentado durante sua gest\u00e3o \u00e0 frente da Corregedoria, lhe conferem grande m\u00e9rito para que nossos desembargadores, que comp\u00f5em o pleno do TRE-BA, possam eleg\u00ea-lo como presidente do Regional\u201d, completou Jatahy J\u00fanior referindo-se \u00e0 elei\u00e7\u00e3o marcada para a segunda-feira (29\/3).<\/span><\/span><\/span><\/p>\n<p class=\"western\" align=\"JUSTIFY\"><span style=\"color: #353535;\"><span style=\"font-family: Arial, sans-serif;\"><span style=\"font-size: medium;\">Parafraseando o pensador e poeta brasileiro M\u00e1rio Quintana, o desembargador Maynard Frank saudou o desembargador Jatahy. \u201cA saudade \u00e9 que faz as coisas pararem no tempo, j\u00e1 dizia Quintana. Mas, parar n\u00e3o \u00e9 um verbo que o desembargador Jatahy conjuga em sua vida. Ali\u00e1s, mais que isso, ele n\u00e3o \u00e9 um homem do seu tempo, antes, est\u00e1 \u00e0 sua frente. Apesar de estarmos passando por tempos tortuosos em decorr\u00eancia de uma grave pandemia mundial, vossa excel\u00eancia, como um bom timoneiro (condutor), guiou-nos para al\u00e9m da ventania e, sob sua batuta, conseguimos realizar as elei\u00e7\u00f5es de 2020 com pleno \u00eaxito\u201d.<\/span><\/span><\/span><\/p>\n<p class=\"western\" align=\"JUSTIFY\"><span style=\"color: #353535;\"><span style=\"font-family: Arial, sans-serif;\"><span style=\"font-size: medium;\">O magistrado lembrou ainda da conclus\u00e3o da biometria e outros importantes feitos durante a gest\u00e3o de Jatahy J\u00fanior. \u201cEste foi um importante desafio alcan\u00e7ado em sua gest\u00e3o. A valoriza\u00e7\u00e3o do cidad\u00e3o e o combate \u00e0s fake news foram, igualmente, priorizadas em sua administra\u00e7\u00e3o, tendo sido constitu\u00edda uma comiss\u00e3o de combate \u00e0 desinforma\u00e7\u00e3o. Ademais, a digitaliza\u00e7\u00e3o de todos os processos judiciais, seguida da correspondente inser\u00e7\u00e3o no sistema Processo Judicial eletr\u00f4nico (PJe) assegurou a continuidade da presta\u00e7\u00e3o jurisdicional mesmo em tempos de crise, quando restou imperiosa a suspen\u00e7\u00e3o do expediente presencial do Tribunal e a institui\u00e7\u00e3o do trabalho remoto, esses s\u00e3o alguns feitos que rememoro de vossa excel\u00eancia dentre tantos outros\u201d.<\/span><\/span><\/span><\/p>\n<p class=\"western\" align=\"JUSTIFY\"><strong><span style=\"color: #353535;\"><span style=\"font-family: Arial, sans-serif;\"><span style=\"font-size: medium;\">Homenagem \u2013\u00a0<\/span><\/span><\/span><\/strong><span style=\"color: #353535;\"><span style=\"font-family: Arial, sans-serif;\"><span style=\"font-size: medium;\">Na sequ\u00eancia, o presidente interino do Eleitoral baiano, Roberto Maynard, concedeu ao desembargador Jatahy a Medalha do M\u00e9rito Eleitoral da Bahia com Palma, institu\u00edda pela Resolu\u00e7\u00e3o Administrativa n\u00ba 01\/1992, que tem como finalidade distinguir personalidades que hajam contribu\u00eddo, destacadamente, com o engrandecimento da Justi\u00e7a Eleitoral.<\/span><\/span><\/span><\/p>\n<p class=\"western\" align=\"JUSTIFY\"><span style=\"color: #353535;\">\u201c<span style=\"font-family: Arial, sans-serif;\"><span style=\"font-size: medium;\">Formulo um cumprimento especial a vossa excel\u00eancia, desembargador Jatahy, dizendo que \u00e9 uma grande honra poder conceder a entrega dessa merecida l\u00e1urea. E registro que maior responsabilidade do que administrar e capitanear o destino desta Corte ser\u00e1 suceder vossa excel\u00eancia. Porque o senhor carrega consigo a marca de um juiz s\u00e9rio, operoso e que demonstrou qualidade \u00e0 frente da administra\u00e7\u00e3o deste Tribunal. Vossa excel\u00eancia est\u00e1 de parab\u00e9ns\u201d, proclamou Maynard.<\/span><\/span><\/span><\/p>\n<p class=\"western\" align=\"JUSTIFY\"><strong><span style=\"color: #353535;\"><span style=\"font-family: Arial, sans-serif;\"><span style=\"font-size: medium;\">Despedida \u2013\u00a0<\/span><\/span><\/span><\/strong><span style=\"color: #353535;\"><span style=\"font-family: Arial, sans-serif;\"><span style=\"font-size: medium;\">Em seu discurso de despedida, o desembargador Jatahy disse que o seu maior desafio foi presidir o Tribunal. \u201cConfesso que em meus 35 anos de magistratura meu maior desafio foi presidir este Tribunal. Durante toda minha gest\u00e3o procurei vencer os obst\u00e1culos que me apresentaram, principalmente a COVID-19, que, praticamente, paralisou o pa\u00eds desde seu aparecimento. Gra\u00e7as ao trabalho de uma equipe competente e comprometida com a Justi\u00e7a Eleitoral conseguimos realizar feitos inacredit\u00e1veis, notadamente no que se refere ao exerc\u00edcio do poder pol\u00edtico, que, segundo nossa Carta Magna, pertence ao povo. Para viabiliz\u00e1-lo, administramos com \u00eaxito os mecanismos necess\u00e1rios ao pleno exerc\u00edcio da cidadania, suprema manifesta\u00e7\u00e3o da vontade popular\u201d.<\/span><\/span><\/span><\/p>\n<p class=\"western\" align=\"JUSTIFY\"><span style=\"color: #353535;\"><span style=\"font-family: Arial, sans-serif;\"><span style=\"font-size: medium;\">Emocionado, o desembargador contou que \u201co percurso at\u00e9 aqui foi longo e cheio de desafios, mas conseguimos transp\u00f4-los com a ajuda desse staff, s\u00edmbolo de trabalho e de abnega\u00e7\u00e3o. Aprendi muito com cada um de voc\u00eas. Aqui encontrei fi\u00e9is companheiros de trabalho em todas as \u00e1reas, com destaque para a minha assessoria direta e para os meus ilustres pares\u201d.<\/span><\/span><\/span><\/p>\n<p class=\"western\" align=\"JUSTIFY\"><span style=\"color: #353535;\"><span style=\"font-family: Arial, sans-serif;\"><span style=\"font-size: medium;\">Concluindo sua despedida, o magistrado agradeceu: \u201caos meus ilustres companheiros desembargadores eleitorais digo que chegou o momento de dar-lhes um at\u00e9 breve. Mesmo de longe, vou estar sempre por perto dos amigos, agradecido pela compreens\u00e3o, pela ajuda e pelos momentos felizes que vossas excel\u00eancias me proporcionaram e pela imorredoura amizade que levo no cora\u00e7\u00e3o. Muito obrigado!\u201d, disse.<\/span><\/span><\/span><\/p>\n","protected":false},"excerpt":{"rendered":"<p>O Desembargador Augusto de Lima Bispo, por delega\u00e7\u00e3o do Presidente do PJBA, Desembargador Lourival Almeida Trindade, representou o Tribunal de Justi\u00e7a do Estado da Bahia na Cerim\u00f4nia de Outorga da [&hellip;]<\/p>\n","protected":false},"author":24,"featured_media":5884,"parent":0,"menu_order":0,"comment_status":"closed","ping_status":"closed","template":"","meta":{"_EventAllDay":false,"_EventTimezone":"","_EventStartDate":"","_EventEndDate":"","_EventStartDateUTC":"","_EventEndDateUTC":"","_EventShowMap":false,"_EventShowMapLink":false,"_EventURL":"","_EventCost":"","_EventCostDescription":"","_EventCurrencySymbol":"","_EventCurrencyCode":"","_EventCurrencyPosition":"","_EventDateTimeSeparator":"","_EventTimeRangeSeparator":"","_EventOrganizerID":[],"_EventVenueID":[],"_OrganizerEmail":"","_OrganizerPhone":"","_OrganizerWebsite":"","_VenueAddress":"","_VenueCity":"","_VenueCountry":"","_VenueProvince":"","_VenueState":"","_VenueZip":"","_VenuePhone":"","_VenueURL":"","_VenueStateProvince":"","_VenueLat":"","_VenueLng":"","_VenueShowMap":false,"_VenueShowMapLink":false,"footnotes":""},"acf":[],"featured_image_src":"https:\/\/www.tjba.jus.br\/segundavice\/wp-content\/uploads\/2021\/03\/3b7e061a-895c-42f3-881f-27fcc82218bb.jpeg","_links":{"self":[{"href":"https:\/\/www.tjba.jus.br\/segundavice\/wp-json\/wp\/v2\/pages\/5883"}],"collection":[{"href":"https:\/\/www.tjba.jus.br\/segundavice\/wp-json\/wp\/v2\/pages"}],"about":[{"href":"https:\/\/www.tjba.jus.br\/segundavice\/wp-json\/wp\/v2\/types\/page"}],"author":[{"embeddable":true,"href":"https:\/\/www.tjba.jus.br\/segundavice\/wp-json\/wp\/v2\/users\/24"}],"replies":[{"embeddable":true,"href":"https:\/\/www.tjba.jus.br\/segundavice\/wp-json\/wp\/v2\/comments?post=5883"}],"version-history":[{"count":1,"href":"https:\/\/www.tjba.jus.br\/segundavice\/wp-json\/wp\/v2\/pages\/5883\/revisions"}],"predecessor-version":[{"id":5885,"href":"https:\/\/www.tjba.jus.br\/segundavice\/wp-json\/wp\/v2\/pages\/5883\/revisions\/5885"}],"wp:featuredmedia":[{"embeddable":true,"href":"https:\/\/www.tjba.jus.br\/segundavice\/wp-json\/wp\/v2\/media\/5884"}],"wp:attachment":[{"href":"https:\/\/www.tjba.jus.br\/segundavice\/wp-json\/wp\/v2\/media?parent=5883"}],"curies":[{"name":"wp","href":"https:\/\/api.w.org\/{rel}","templated":true}]}}