{"id":6040,"date":"2021-05-25T13:42:08","date_gmt":"2021-05-25T16:42:08","guid":{"rendered":"https:\/\/www.tjba.jus.br\/segundavice\/?page_id=6040"},"modified":"2021-05-25T14:01:03","modified_gmt":"2021-05-25T17:01:03","slug":"apresentacao-2","status":"publish","type":"page","link":"https:\/\/www.tjba.jus.br\/segundavice\/cijeba\/apresentacao-2\/","title":{"rendered":"Apresenta\u00e7\u00e3o"},"content":{"rendered":"<p class=\"western\" align=\"JUSTIFY\">O Centro de Intelig\u00eancia da Justi\u00e7a Estadual da Bahia (CIJEBA) foi institu\u00eddo no \u00e2mbito do Tribunal de Justi\u00e7a do Estado da Bahia pela Resolu\u00e7\u00e3o n\u00ba 4, 28 de abril de 2021, em aten\u00e7\u00e3o \u00e0s diretrizes estabelecidas pelo Conselho Nacional de Justi\u00e7a, por meio da Resolu\u00e7\u00e3o n\u00ba 349\/2020.<\/p>\n<p class=\"western\" align=\"JUSTIFY\">O CIJEBA \u00e9 uma unidade vinculada \u00e0 2\u00aa Vice-Presid\u00eancia, encontrando-se formada por um \u00a0grupo decis\u00f3rio, composto pelo 2\u00ba Vice-Presidente, na qualidade de Presidente, e pelos Desembargadores Presidentes da Comiss\u00e3o Gestora de Precedentes e de A\u00e7\u00f5es Coletivas (COGEPAC) e do N\u00facleo de Gest\u00e3o de Demandas de Massa (NUGEDEM) e, em grupo operacional, constitu\u00eddo por magistrados e servidores representantes de setores administrativos desta Corte Estadual, sob a coordena\u00e7\u00e3o de um juiz designado, na forma do art. 4\u00ba do ato normativo estadual mencionado.<\/p>\n<p class=\"western\" align=\"JUSTIFY\">Com uma atua\u00e7\u00e3o estrat\u00e9gica, o CIJEBA tem como principal objetivo prevenir e solucionar conflitos multitudin\u00e1rios em sua origem, a partir do monitoramento e identifica\u00e7\u00e3o das demandas de massa ou com potencial de repetitividade, do aperfei\u00e7oamento do gerenciamento de precedentes, da atua\u00e7\u00e3o coordenada com as unidades internas de 1\u00ba e 2\u00ba Graus e outras institui\u00e7\u00f5es e da padroniza\u00e7\u00e3o de rotinas, al\u00e9m de contribuir para o desenvolvimento de pol\u00edticas e a\u00e7\u00f5es que visem a redu\u00e7\u00e3o da cultura excessiva de judicializa\u00e7\u00e3o e do uso predat\u00f3rio do sistema de justi\u00e7a.<\/p>\n<p class=\"western\" align=\"JUSTIFY\">Um importante instrumento de sua atua\u00e7\u00e3o \u00e9 a elabora\u00e7\u00e3o de notas t\u00e9cnicas com estudos e recomenda\u00e7\u00f5es sobre a preven\u00e7\u00e3o de lit\u00edgios, monitoramento de demandas e gest\u00e3o de precedentes, devendo, inclusive, colaborar com a dissemina\u00e7\u00e3o de medidas consubstanciadas em notas t\u00e9cnicas dos demais Centros de Intelig\u00eancia e supervisionar a ader\u00eancia das notas emitidas ou divulgadas pelo Centro de Intelig\u00eancia do Poder Judici\u00e1rio (CIPJ).<\/p>\n","protected":false},"excerpt":{"rendered":"<p>O Centro de Intelig\u00eancia da Justi\u00e7a Estadual da Bahia (CIJEBA) foi institu\u00eddo no \u00e2mbito do Tribunal de Justi\u00e7a do Estado da Bahia pela Resolu\u00e7\u00e3o n\u00ba 4, 28 de abril de [&hellip;]<\/p>\n","protected":false},"author":24,"featured_media":0,"parent":6038,"menu_order":0,"comment_status":"closed","ping_status":"closed","template":"","meta":{"_EventAllDay":false,"_EventTimezone":"","_EventStartDate":"","_EventEndDate":"","_EventStartDateUTC":"","_EventEndDateUTC":"","_EventShowMap":false,"_EventShowMapLink":false,"_EventURL":"","_EventCost":"","_EventCostDescription":"","_EventCurrencySymbol":"","_EventCurrencyCode":"","_EventCurrencyPosition":"","_EventDateTimeSeparator":"","_EventTimeRangeSeparator":"","_EventOrganizerID":[],"_EventVenueID":[],"_OrganizerEmail":"","_OrganizerPhone":"","_OrganizerWebsite":"","_VenueAddress":"","_VenueCity":"","_VenueCountry":"","_VenueProvince":"","_VenueState":"","_VenueZip":"","_VenuePhone":"","_VenueURL":"","_VenueStateProvince":"","_VenueLat":"","_VenueLng":"","_VenueShowMap":false,"_VenueShowMapLink":false,"footnotes":""},"acf":[],"featured_image_src":null,"_links":{"self":[{"href":"https:\/\/www.tjba.jus.br\/segundavice\/wp-json\/wp\/v2\/pages\/6040"}],"collection":[{"href":"https:\/\/www.tjba.jus.br\/segundavice\/wp-json\/wp\/v2\/pages"}],"about":[{"href":"https:\/\/www.tjba.jus.br\/segundavice\/wp-json\/wp\/v2\/types\/page"}],"author":[{"embeddable":true,"href":"https:\/\/www.tjba.jus.br\/segundavice\/wp-json\/wp\/v2\/users\/24"}],"replies":[{"embeddable":true,"href":"https:\/\/www.tjba.jus.br\/segundavice\/wp-json\/wp\/v2\/comments?post=6040"}],"version-history":[{"count":2,"href":"https:\/\/www.tjba.jus.br\/segundavice\/wp-json\/wp\/v2\/pages\/6040\/revisions"}],"predecessor-version":[{"id":6050,"href":"https:\/\/www.tjba.jus.br\/segundavice\/wp-json\/wp\/v2\/pages\/6040\/revisions\/6050"}],"up":[{"embeddable":true,"href":"https:\/\/www.tjba.jus.br\/segundavice\/wp-json\/wp\/v2\/pages\/6038"}],"wp:attachment":[{"href":"https:\/\/www.tjba.jus.br\/segundavice\/wp-json\/wp\/v2\/media?parent=6040"}],"curies":[{"name":"wp","href":"https:\/\/api.w.org\/{rel}","templated":true}]}}